{"id":1953,"date":"2019-05-27T21:36:06","date_gmt":"2019-05-27T19:36:06","guid":{"rendered":"https:\/\/www.busclassic.org\/?page_id=1953"},"modified":"2025-06-16T15:43:54","modified_gmt":"2025-06-16T13:43:54","slug":"activitats-gratuites","status":"publish","type":"page","link":"https:\/\/www.busclassic.org\/ca\/activitats-gratuites\/","title":{"rendered":"Activitats gratu\u00eftes"},"content":{"rendered":"\n<p>A l&#8217;Exposici\u00f3 d&#8217;Autobusos Cl\u00e0ssics de Barcelona hi haur\u00e0 activitats de tota mena i per a tota la fam\u00edlia. Des de visites guiades i exposicions hist\u00f2riques fins a jocs interactius i tallers de manualitats, hem preparat un programa variat per garantir que tothom trobi alguna cosa que li agradi. No importa l&#8217;edat o els interessos, aquest esdeveniment ofereix una experi\u00e8ncia enriquidora i divertida per a tothom. Vine a gaudir d&#8217;un dia ple de descobriments, creativitat i entreteniment amb nosaltres!<\/p>\n\n\n\n<div class=\"wp-block-query is-layout-flow wp-block-query-is-layout-flow\"><ul class=\"wp-block-post-template is-layout-flow wp-block-post-template-is-layout-flow\"><li class=\"wp-block-post post-5463 post type-post status-publish format-standard has-post-thumbnail hentry category-activitats\">\n\n<div class=\"wp-block-columns is-layout-flex wp-container-core-columns-is-layout-5b637e4e wp-block-columns-is-layout-flex\" style=\"border-width:1px;border-radius:20px;margin-top:0;margin-bottom:0;padding-top:var(--wp--preset--spacing--40);padding-right:var(--wp--preset--spacing--40);padding-bottom:var(--wp--preset--spacing--40);padding-left:var(--wp--preset--spacing--40)\">\n<div class=\"wp-block-column is-vertically-aligned-center is-layout-flow wp-block-column-is-layout-flow\" style=\"flex-basis:30%\"><figure style=\"aspect-ratio:16\/9;\" class=\"wp-block-post-featured-image\"><a href=\"https:\/\/www.busclassic.org\/ca\/activitats\/apec\/\" target=\"_self\"  ><img loading=\"lazy\" decoding=\"async\" width=\"200\" height=\"200\" src=\"https:\/\/www.busclassic.org\/wp-content\/uploads\/2022\/06\/APEC.png\" class=\"attachment-post-thumbnail size-post-thumbnail wp-post-image\" alt=\"APEC &#8211; Centre de Formaci\u00f3 de Conductors\" style=\"width:100%;height:100%;object-fit:cover;\" srcset=\"https:\/\/www.busclassic.org\/wp-content\/uploads\/2022\/06\/APEC.png 200w, https:\/\/www.busclassic.org\/wp-content\/uploads\/2022\/06\/APEC-150x150.png 150w\" sizes=\"auto, (max-width: 200px) 100vw, 200px\" \/><\/a><\/figure><\/div>\n\n\n\n<div class=\"wp-block-column is-vertically-aligned-top is-layout-flow wp-block-column-is-layout-flow\" style=\"flex-basis:70%\"><h2 class=\"titol-activitat wp-block-post-title has-large-font-size\"><a href=\"https:\/\/www.busclassic.org\/ca\/activitats\/apec\/\" target=\"_self\" >APEC &#8211; Centre de Formaci\u00f3 de Conductors<\/a><\/h2>\n\n<div class=\"wp-block-post-excerpt\"><p class=\"wp-block-post-excerpt__excerpt\">Apropeu-vos a l&#8217;estand d&#8217;APEC i rebreu informaci\u00f3 sobre l&#8217;acc\u00e9s a la professi\u00f3 de conductor, les subvencions que hi ha per aquesta formaci\u00f3 i les diferents sortides professionals del sector.<\/p><p class=\"wp-block-post-excerpt__more-text\"><a class=\"wp-block-post-excerpt__more-link\" href=\"https:\/\/www.busclassic.org\/ca\/activitats\/apec\/\"><strong>M\u00e9s informaci\u00f3<\/strong><\/a><\/p><\/div><\/div>\n<\/div>\n\n<\/li><li class=\"wp-block-post post-5472 post type-post status-publish format-standard has-post-thumbnail hentry category-activitats\">\n\n<div class=\"wp-block-columns is-layout-flex wp-container-core-columns-is-layout-5b637e4e wp-block-columns-is-layout-flex\" style=\"border-width:1px;border-radius:20px;margin-top:0;margin-bottom:0;padding-top:var(--wp--preset--spacing--40);padding-right:var(--wp--preset--spacing--40);padding-bottom:var(--wp--preset--spacing--40);padding-left:var(--wp--preset--spacing--40)\">\n<div class=\"wp-block-column is-vertically-aligned-center is-layout-flow wp-block-column-is-layout-flow\" style=\"flex-basis:30%\"><figure style=\"aspect-ratio:16\/9;\" class=\"wp-block-post-featured-image\"><a href=\"https:\/\/www.busclassic.org\/ca\/activitats\/classics-moventis\/\" target=\"_self\"  ><img loading=\"lazy\" decoding=\"async\" width=\"1080\" height=\"1335\" src=\"https:\/\/www.busclassic.org\/wp-content\/uploads\/2025\/06\/Screenshot_20250621-010031.png\" class=\"attachment-post-thumbnail size-post-thumbnail wp-post-image\" alt=\"Cl\u00e0ssics amb Moventis\" style=\"width:100%;height:100%;object-fit:cover;\" srcset=\"https:\/\/www.busclassic.org\/wp-content\/uploads\/2025\/06\/Screenshot_20250621-010031.png 1080w, https:\/\/www.busclassic.org\/wp-content\/uploads\/2025\/06\/Screenshot_20250621-010031-243x300.png 243w, https:\/\/www.busclassic.org\/wp-content\/uploads\/2025\/06\/Screenshot_20250621-010031-828x1024.png 828w, https:\/\/www.busclassic.org\/wp-content\/uploads\/2025\/06\/Screenshot_20250621-010031-768x949.png 768w, https:\/\/www.busclassic.org\/wp-content\/uploads\/2025\/06\/Screenshot_20250621-010031-10x12.png 10w, https:\/\/www.busclassic.org\/wp-content\/uploads\/2025\/06\/Screenshot_20250621-010031-1000x1236.png 1000w, https:\/\/www.busclassic.org\/wp-content\/uploads\/2025\/06\/Screenshot_20250621-010031-230x284.png 230w, https:\/\/www.busclassic.org\/wp-content\/uploads\/2025\/06\/Screenshot_20250621-010031-350x433.png 350w, https:\/\/www.busclassic.org\/wp-content\/uploads\/2025\/06\/Screenshot_20250621-010031-480x593.png 480w\" sizes=\"auto, (max-width: 1080px) 100vw, 1080px\" \/><\/a><\/figure><\/div>\n\n\n\n<div class=\"wp-block-column is-vertically-aligned-top is-layout-flow wp-block-column-is-layout-flow\" style=\"flex-basis:70%\"><h2 class=\"titol-activitat wp-block-post-title has-large-font-size\"><a href=\"https:\/\/www.busclassic.org\/ca\/activitats\/classics-moventis\/\" target=\"_self\" >Cl\u00e0ssics amb Moventis<\/a><\/h2>\n\n<div class=\"wp-block-post-excerpt\"><p class=\"wp-block-post-excerpt__excerpt\">Moventis exhibeix quatre autobusos cl\u00e0ssics i ofereix activitats interactives amb photocall i sorteig a Instagram. M\u00e9s de 100 anys d\u2019hist\u00f2ria i comprom\u00eds amb la mobilitat.<\/p><p class=\"wp-block-post-excerpt__more-text\"><a class=\"wp-block-post-excerpt__more-link\" href=\"https:\/\/www.busclassic.org\/ca\/activitats\/classics-moventis\/\"><strong>M\u00e9s informaci\u00f3<\/strong><\/a><\/p><\/div><\/div>\n<\/div>\n\n<\/li><li class=\"wp-block-post post-4921 post type-post status-publish format-standard has-post-thumbnail hentry category-activitats\">\n\n<div class=\"wp-block-columns is-layout-flex wp-container-core-columns-is-layout-5b637e4e wp-block-columns-is-layout-flex\" style=\"border-width:1px;border-radius:20px;margin-top:0;margin-bottom:0;padding-top:var(--wp--preset--spacing--40);padding-right:var(--wp--preset--spacing--40);padding-bottom:var(--wp--preset--spacing--40);padding-left:var(--wp--preset--spacing--40)\">\n<div class=\"wp-block-column is-vertically-aligned-center is-layout-flow wp-block-column-is-layout-flow\" style=\"flex-basis:30%\"><figure style=\"aspect-ratio:16\/9;\" class=\"wp-block-post-featured-image\"><a href=\"https:\/\/www.busclassic.org\/ca\/activitats\/conductors-solidaris\/\" target=\"_self\"  ><img loading=\"lazy\" decoding=\"async\" width=\"2560\" height=\"1703\" src=\"https:\/\/www.busclassic.org\/wp-content\/uploads\/2024\/08\/11-ralli-internacional-dautobusos-clssics_53903611920_o-scaled.jpg\" class=\"attachment-post-thumbnail size-post-thumbnail wp-post-image\" alt=\"Conductors Solidaris de Catalunya\" style=\"width:100%;height:100%;object-fit:cover;\" srcset=\"https:\/\/www.busclassic.org\/wp-content\/uploads\/2024\/08\/11-ralli-internacional-dautobusos-clssics_53903611920_o-scaled.jpg 2560w, https:\/\/www.busclassic.org\/wp-content\/uploads\/2024\/08\/11-ralli-internacional-dautobusos-clssics_53903611920_o-300x200.jpg 300w, https:\/\/www.busclassic.org\/wp-content\/uploads\/2024\/08\/11-ralli-internacional-dautobusos-clssics_53903611920_o-1024x681.jpg 1024w, https:\/\/www.busclassic.org\/wp-content\/uploads\/2024\/08\/11-ralli-internacional-dautobusos-clssics_53903611920_o-768x511.jpg 768w, https:\/\/www.busclassic.org\/wp-content\/uploads\/2024\/08\/11-ralli-internacional-dautobusos-clssics_53903611920_o-1536x1022.jpg 1536w, https:\/\/www.busclassic.org\/wp-content\/uploads\/2024\/08\/11-ralli-internacional-dautobusos-clssics_53903611920_o-2048x1363.jpg 2048w, https:\/\/www.busclassic.org\/wp-content\/uploads\/2024\/08\/11-ralli-internacional-dautobusos-clssics_53903611920_o-1000x665.jpg 1000w, https:\/\/www.busclassic.org\/wp-content\/uploads\/2024\/08\/11-ralli-internacional-dautobusos-clssics_53903611920_o-230x153.jpg 230w, https:\/\/www.busclassic.org\/wp-content\/uploads\/2024\/08\/11-ralli-internacional-dautobusos-clssics_53903611920_o-350x233.jpg 350w, https:\/\/www.busclassic.org\/wp-content\/uploads\/2024\/08\/11-ralli-internacional-dautobusos-clssics_53903611920_o-480x319.jpg 480w, https:\/\/www.busclassic.org\/wp-content\/uploads\/2024\/08\/11-ralli-internacional-dautobusos-clssics_53903611920_o-272x182.jpg 272w\" sizes=\"auto, (max-width: 2560px) 100vw, 2560px\" \/><\/a><\/figure><\/div>\n\n\n\n<div class=\"wp-block-column is-vertically-aligned-top is-layout-flow wp-block-column-is-layout-flow\" style=\"flex-basis:70%\"><h2 class=\"titol-activitat wp-block-post-title has-large-font-size\"><a href=\"https:\/\/www.busclassic.org\/ca\/activitats\/conductors-solidaris\/\" target=\"_self\" >Conductors Solidaris de Catalunya<\/a><\/h2>\n\n<div class=\"wp-block-post-excerpt\"><p class=\"wp-block-post-excerpt__excerpt\">Descobreix l\u2019exposici\u00f3 \u201cDiferents per\u00f2 iguals\u201d dels Conductors Solidaris de Catalunya, una ONG que transporta ajuda humanit\u00e0ria a zones en conflicte. Activitat gratu\u00efta, de 16 h a 21.30 h.<\/p><p class=\"wp-block-post-excerpt__more-text\"><a class=\"wp-block-post-excerpt__more-link\" href=\"https:\/\/www.busclassic.org\/ca\/activitats\/conductors-solidaris\/\"><strong>M\u00e9s informaci\u00f3<\/strong><\/a><\/p><\/div><\/div>\n<\/div>\n\n<\/li><li class=\"wp-block-post post-4993 post type-post status-publish format-standard has-post-thumbnail hentry category-activitats\">\n\n<div class=\"wp-block-columns is-layout-flex wp-container-core-columns-is-layout-5b637e4e wp-block-columns-is-layout-flex\" style=\"border-width:1px;border-radius:20px;margin-top:0;margin-bottom:0;padding-top:var(--wp--preset--spacing--40);padding-right:var(--wp--preset--spacing--40);padding-bottom:var(--wp--preset--spacing--40);padding-left:var(--wp--preset--spacing--40)\">\n<div class=\"wp-block-column is-vertically-aligned-center is-layout-flow wp-block-column-is-layout-flow\" style=\"flex-basis:30%\"><figure style=\"aspect-ratio:16\/9;\" class=\"wp-block-post-featured-image\"><a href=\"https:\/\/www.busclassic.org\/ca\/activitats\/viatges-sagui\/\" target=\"_self\"  ><img loading=\"lazy\" decoding=\"async\" width=\"1024\" height=\"768\" src=\"https:\/\/www.busclassic.org\/wp-content\/uploads\/2025\/06\/Foto-Sagui-Web-Rally.jpg\" class=\"attachment-post-thumbnail size-post-thumbnail wp-post-image\" alt=\"Els viatges de la Sagui\" style=\"width:100%;height:100%;object-fit:cover;\" srcset=\"https:\/\/www.busclassic.org\/wp-content\/uploads\/2025\/06\/Foto-Sagui-Web-Rally.jpg 1024w, https:\/\/www.busclassic.org\/wp-content\/uploads\/2025\/06\/Foto-Sagui-Web-Rally-300x225.jpg 300w, https:\/\/www.busclassic.org\/wp-content\/uploads\/2025\/06\/Foto-Sagui-Web-Rally-768x576.jpg 768w, https:\/\/www.busclassic.org\/wp-content\/uploads\/2025\/06\/Foto-Sagui-Web-Rally-16x12.jpg 16w, https:\/\/www.busclassic.org\/wp-content\/uploads\/2025\/06\/Foto-Sagui-Web-Rally-1000x750.jpg 1000w, https:\/\/www.busclassic.org\/wp-content\/uploads\/2025\/06\/Foto-Sagui-Web-Rally-230x173.jpg 230w, https:\/\/www.busclassic.org\/wp-content\/uploads\/2025\/06\/Foto-Sagui-Web-Rally-350x263.jpg 350w, https:\/\/www.busclassic.org\/wp-content\/uploads\/2025\/06\/Foto-Sagui-Web-Rally-480x360.jpg 480w\" sizes=\"auto, (max-width: 1024px) 100vw, 1024px\" \/><\/a><\/figure><\/div>\n\n\n\n<div class=\"wp-block-column is-vertically-aligned-top is-layout-flow wp-block-column-is-layout-flow\" style=\"flex-basis:70%\"><h2 class=\"titol-activitat wp-block-post-title has-large-font-size\"><a href=\"https:\/\/www.busclassic.org\/ca\/activitats\/viatges-sagui\/\" target=\"_self\" >Els viatges de la Sagui<\/a><\/h2>\n\n<div class=\"wp-block-post-excerpt\"><p class=\"wp-block-post-excerpt__excerpt\">Descobreix \u201cEls viatges de la Sagui\u201d, l\u2019audios\u00e8rie infantil de Sagal\u00e9s a l\u2019Exposici\u00f3 d\u2019Autobusos Cl\u00e0ssics de Barcelona. Activitat gratu\u00efta i familiar per fomentar valors i imaginaci\u00f3.<\/p><p class=\"wp-block-post-excerpt__more-text\"><a class=\"wp-block-post-excerpt__more-link\" href=\"https:\/\/www.busclassic.org\/ca\/activitats\/viatges-sagui\/\"><strong>M\u00e9s informaci\u00f3<\/strong><\/a><\/p><\/div><\/div>\n<\/div>\n\n<\/li><li class=\"wp-block-post post-4953 post type-post status-publish format-standard has-post-thumbnail hentry category-activitats\">\n\n<div class=\"wp-block-columns is-layout-flex wp-container-core-columns-is-layout-5b637e4e wp-block-columns-is-layout-flex\" style=\"border-width:1px;border-radius:20px;margin-top:0;margin-bottom:0;padding-top:var(--wp--preset--spacing--40);padding-right:var(--wp--preset--spacing--40);padding-bottom:var(--wp--preset--spacing--40);padding-left:var(--wp--preset--spacing--40)\">\n<div class=\"wp-block-column is-vertically-aligned-center is-layout-flow wp-block-column-is-layout-flow\" style=\"flex-basis:30%\"><figure style=\"aspect-ratio:16\/9;\" class=\"wp-block-post-featured-image\"><a href=\"https:\/\/www.busclassic.org\/ca\/activitats\/viatge-sagales\/\" target=\"_self\"  ><img loading=\"lazy\" decoding=\"async\" width=\"2560\" height=\"1703\" src=\"https:\/\/www.busclassic.org\/wp-content\/uploads\/2025\/06\/tmb240601_PH_066-scaled.jpg\" class=\"attachment-post-thumbnail size-post-thumbnail wp-post-image\" alt=\"Imagina i crea el teu Viatge amb Sagal\u00e9s\" style=\"width:100%;height:100%;object-fit:cover;\" srcset=\"https:\/\/www.busclassic.org\/wp-content\/uploads\/2025\/06\/tmb240601_PH_066-scaled.jpg 2560w, https:\/\/www.busclassic.org\/wp-content\/uploads\/2025\/06\/tmb240601_PH_066-300x200.jpg 300w, https:\/\/www.busclassic.org\/wp-content\/uploads\/2025\/06\/tmb240601_PH_066-1024x681.jpg 1024w, https:\/\/www.busclassic.org\/wp-content\/uploads\/2025\/06\/tmb240601_PH_066-768x511.jpg 768w, https:\/\/www.busclassic.org\/wp-content\/uploads\/2025\/06\/tmb240601_PH_066-1536x1022.jpg 1536w, https:\/\/www.busclassic.org\/wp-content\/uploads\/2025\/06\/tmb240601_PH_066-2048x1363.jpg 2048w, https:\/\/www.busclassic.org\/wp-content\/uploads\/2025\/06\/tmb240601_PH_066-18x12.jpg 18w, https:\/\/www.busclassic.org\/wp-content\/uploads\/2025\/06\/tmb240601_PH_066-1000x665.jpg 1000w, https:\/\/www.busclassic.org\/wp-content\/uploads\/2025\/06\/tmb240601_PH_066-230x153.jpg 230w, https:\/\/www.busclassic.org\/wp-content\/uploads\/2025\/06\/tmb240601_PH_066-350x233.jpg 350w, https:\/\/www.busclassic.org\/wp-content\/uploads\/2025\/06\/tmb240601_PH_066-480x319.jpg 480w, https:\/\/www.busclassic.org\/wp-content\/uploads\/2025\/06\/tmb240601_PH_066-272x182.jpg 272w\" sizes=\"auto, (max-width: 2560px) 100vw, 2560px\" \/><\/a><\/figure><\/div>\n\n\n\n<div class=\"wp-block-column is-vertically-aligned-top is-layout-flow wp-block-column-is-layout-flow\" style=\"flex-basis:70%\"><h2 class=\"titol-activitat wp-block-post-title has-large-font-size\"><a href=\"https:\/\/www.busclassic.org\/ca\/activitats\/viatge-sagales\/\" target=\"_self\" >Imagina i crea el teu Viatge amb Sagal\u00e9s<\/a><\/h2>\n\n<div class=\"wp-block-post-excerpt\"><p class=\"wp-block-post-excerpt__excerpt\">Dissenya el teu viatge amb Sagal\u00e9s en un joc digital creatiu a l\u2019Exposici\u00f3 d\u2019Autobusos Cl\u00e0ssics de Barcelona. Activitat gratu\u00efta, interactiva i per a totes les edats.<\/p><p class=\"wp-block-post-excerpt__more-text\"><a class=\"wp-block-post-excerpt__more-link\" href=\"https:\/\/www.busclassic.org\/ca\/activitats\/viatge-sagales\/\"><strong>M\u00e9s informaci\u00f3<\/strong><\/a><\/p><\/div><\/div>\n<\/div>\n\n<\/li><li class=\"wp-block-post post-4923 post type-post status-publish format-standard has-post-thumbnail hentry category-activitats\">\n\n<div class=\"wp-block-columns is-layout-flex wp-container-core-columns-is-layout-5b637e4e wp-block-columns-is-layout-flex\" style=\"border-width:1px;border-radius:20px;margin-top:0;margin-bottom:0;padding-top:var(--wp--preset--spacing--40);padding-right:var(--wp--preset--spacing--40);padding-bottom:var(--wp--preset--spacing--40);padding-left:var(--wp--preset--spacing--40)\">\n<div class=\"wp-block-column is-vertically-aligned-center is-layout-flow wp-block-column-is-layout-flow\" style=\"flex-basis:30%\"><figure style=\"aspect-ratio:16\/9;\" class=\"wp-block-post-featured-image\"><a href=\"https:\/\/www.busclassic.org\/ca\/activitats\/petita-historia-bus\/\" target=\"_self\"  ><img loading=\"lazy\" decoding=\"async\" width=\"596\" height=\"330\" src=\"https:\/\/www.busclassic.org\/wp-content\/uploads\/2024\/05\/petita-historia-xarxa-bus-llibre-imatge.jpg\" class=\"attachment-post-thumbnail size-post-thumbnail wp-post-image\" alt=\"La petita hist\u00f2ria del bus\" style=\"width:100%;height:100%;object-fit:cover;\" srcset=\"https:\/\/www.busclassic.org\/wp-content\/uploads\/2024\/05\/petita-historia-xarxa-bus-llibre-imatge.jpg 596w, https:\/\/www.busclassic.org\/wp-content\/uploads\/2024\/05\/petita-historia-xarxa-bus-llibre-imatge-300x166.jpg 300w, https:\/\/www.busclassic.org\/wp-content\/uploads\/2024\/05\/petita-historia-xarxa-bus-llibre-imatge-230x127.jpg 230w, https:\/\/www.busclassic.org\/wp-content\/uploads\/2024\/05\/petita-historia-xarxa-bus-llibre-imatge-350x194.jpg 350w, https:\/\/www.busclassic.org\/wp-content\/uploads\/2024\/05\/petita-historia-xarxa-bus-llibre-imatge-480x266.jpg 480w\" sizes=\"auto, (max-width: 596px) 100vw, 596px\" \/><\/a><\/figure><\/div>\n\n\n\n<div class=\"wp-block-column is-vertically-aligned-top is-layout-flow wp-block-column-is-layout-flow\" style=\"flex-basis:70%\"><h2 class=\"titol-activitat wp-block-post-title has-large-font-size\"><a href=\"https:\/\/www.busclassic.org\/ca\/activitats\/petita-historia-bus\/\" target=\"_self\" >La petita hist\u00f2ria del bus<\/a><\/h2>\n\n<div class=\"wp-block-post-excerpt\"><p class=\"wp-block-post-excerpt__excerpt\">Viu la teatralitzaci\u00f3 del conte infantil \u201cLa Petita hist\u00f2ria del bus\u201d a bord d\u2019un bus hist\u00f2ric de 1955. Activitat educativa i gratu\u00efta per als m\u00e9s petits, amb inscripci\u00f3 pr\u00e8via.<\/p><p class=\"wp-block-post-excerpt__more-text\"><a class=\"wp-block-post-excerpt__more-link\" href=\"https:\/\/www.busclassic.org\/ca\/activitats\/petita-historia-bus\/\"><strong>M\u00e9s informaci\u00f3<\/strong><\/a><\/p><\/div><\/div>\n<\/div>\n\n<\/li><li class=\"wp-block-post post-4927 post type-post status-publish format-standard has-post-thumbnail hentry category-activitats\">\n\n<div class=\"wp-block-columns is-layout-flex wp-container-core-columns-is-layout-5b637e4e wp-block-columns-is-layout-flex\" style=\"border-width:1px;border-radius:20px;margin-top:0;margin-bottom:0;padding-top:var(--wp--preset--spacing--40);padding-right:var(--wp--preset--spacing--40);padding-bottom:var(--wp--preset--spacing--40);padding-left:var(--wp--preset--spacing--40)\">\n<div class=\"wp-block-column is-vertically-aligned-center is-layout-flow wp-block-column-is-layout-flow\" style=\"flex-basis:30%\"><figure style=\"aspect-ratio:16\/9;\" class=\"wp-block-post-featured-image\"><a href=\"https:\/\/www.busclassic.org\/ca\/activitats\/manualitats\/\" target=\"_self\"  ><img loading=\"lazy\" decoding=\"async\" width=\"2048\" height=\"1367\" src=\"https:\/\/www.busclassic.org\/wp-content\/uploads\/2019\/06\/48139785637_1d2668df84_k.jpg\" class=\"attachment-post-thumbnail size-post-thumbnail wp-post-image\" alt=\"Manualitats\" style=\"width:100%;height:100%;object-fit:cover;\" srcset=\"https:\/\/www.busclassic.org\/wp-content\/uploads\/2019\/06\/48139785637_1d2668df84_k.jpg 2048w, https:\/\/www.busclassic.org\/wp-content\/uploads\/2019\/06\/48139785637_1d2668df84_k-300x200.jpg 300w, https:\/\/www.busclassic.org\/wp-content\/uploads\/2019\/06\/48139785637_1d2668df84_k-1024x684.jpg 1024w, https:\/\/www.busclassic.org\/wp-content\/uploads\/2019\/06\/48139785637_1d2668df84_k-768x513.jpg 768w, https:\/\/www.busclassic.org\/wp-content\/uploads\/2019\/06\/48139785637_1d2668df84_k-1536x1025.jpg 1536w, https:\/\/www.busclassic.org\/wp-content\/uploads\/2019\/06\/48139785637_1d2668df84_k-1000x667.jpg 1000w, https:\/\/www.busclassic.org\/wp-content\/uploads\/2019\/06\/48139785637_1d2668df84_k-230x154.jpg 230w, https:\/\/www.busclassic.org\/wp-content\/uploads\/2019\/06\/48139785637_1d2668df84_k-350x234.jpg 350w, https:\/\/www.busclassic.org\/wp-content\/uploads\/2019\/06\/48139785637_1d2668df84_k-480x320.jpg 480w, https:\/\/www.busclassic.org\/wp-content\/uploads\/2019\/06\/48139785637_1d2668df84_k-272x182.jpg 272w\" sizes=\"auto, (max-width: 2048px) 100vw, 2048px\" \/><\/a><\/figure><\/div>\n\n\n\n<div class=\"wp-block-column is-vertically-aligned-top is-layout-flow wp-block-column-is-layout-flow\" style=\"flex-basis:70%\"><h2 class=\"titol-activitat wp-block-post-title has-large-font-size\"><a href=\"https:\/\/www.busclassic.org\/ca\/activitats\/manualitats\/\" target=\"_self\" >Manualitats<\/a><\/h2>\n\n<div class=\"wp-block-post-excerpt\"><p class=\"wp-block-post-excerpt__excerpt\">Espai de manualitats infantils a l\u2019Exposici\u00f3 d\u2019Autobusos Cl\u00e0ssics de Barcelona. Activitat gratu\u00efta i sense reserva, ideal per gaudir en fam\u00edlia i despertar la creativitat dels m\u00e9s petits.<\/p><p class=\"wp-block-post-excerpt__more-text\"><a class=\"wp-block-post-excerpt__more-link\" href=\"https:\/\/www.busclassic.org\/ca\/activitats\/manualitats\/\"><strong>M\u00e9s informaci\u00f3<\/strong><\/a><\/p><\/div><\/div>\n<\/div>\n\n<\/li><li class=\"wp-block-post post-4929 post type-post status-publish format-standard has-post-thumbnail hentry category-activitats\">\n\n<div class=\"wp-block-columns is-layout-flex wp-container-core-columns-is-layout-5b637e4e wp-block-columns-is-layout-flex\" style=\"border-width:1px;border-radius:20px;margin-top:0;margin-bottom:0;padding-top:var(--wp--preset--spacing--40);padding-right:var(--wp--preset--spacing--40);padding-bottom:var(--wp--preset--spacing--40);padding-left:var(--wp--preset--spacing--40)\">\n<div class=\"wp-block-column is-vertically-aligned-center is-layout-flow wp-block-column-is-layout-flow\" style=\"flex-basis:30%\"><figure style=\"aspect-ratio:16\/9;\" class=\"wp-block-post-featured-image\"><a href=\"https:\/\/www.busclassic.org\/ca\/activitats\/novetats-sagales\/\" target=\"_self\"  ><img loading=\"lazy\" decoding=\"async\" width=\"2048\" height=\"1367\" src=\"https:\/\/www.busclassic.org\/wp-content\/uploads\/2019\/05\/28154762197_859aeae8a2_k.jpg\" class=\"attachment-post-thumbnail size-post-thumbnail wp-post-image\" alt=\"Novetats de Sagal\u00e9s\" style=\"width:100%;height:100%;object-fit:cover;\" srcset=\"https:\/\/www.busclassic.org\/wp-content\/uploads\/2019\/05\/28154762197_859aeae8a2_k.jpg 2048w, https:\/\/www.busclassic.org\/wp-content\/uploads\/2019\/05\/28154762197_859aeae8a2_k-300x200.jpg 300w, https:\/\/www.busclassic.org\/wp-content\/uploads\/2019\/05\/28154762197_859aeae8a2_k-1024x684.jpg 1024w, https:\/\/www.busclassic.org\/wp-content\/uploads\/2019\/05\/28154762197_859aeae8a2_k-768x513.jpg 768w, https:\/\/www.busclassic.org\/wp-content\/uploads\/2019\/05\/28154762197_859aeae8a2_k-1536x1025.jpg 1536w, https:\/\/www.busclassic.org\/wp-content\/uploads\/2019\/05\/28154762197_859aeae8a2_k-1000x667.jpg 1000w, https:\/\/www.busclassic.org\/wp-content\/uploads\/2019\/05\/28154762197_859aeae8a2_k-230x154.jpg 230w, https:\/\/www.busclassic.org\/wp-content\/uploads\/2019\/05\/28154762197_859aeae8a2_k-350x234.jpg 350w, https:\/\/www.busclassic.org\/wp-content\/uploads\/2019\/05\/28154762197_859aeae8a2_k-480x320.jpg 480w, https:\/\/www.busclassic.org\/wp-content\/uploads\/2019\/05\/28154762197_859aeae8a2_k-272x182.jpg 272w\" sizes=\"auto, (max-width: 2048px) 100vw, 2048px\" \/><\/a><\/figure><\/div>\n\n\n\n<div class=\"wp-block-column is-vertically-aligned-top is-layout-flow wp-block-column-is-layout-flow\" style=\"flex-basis:70%\"><h2 class=\"titol-activitat wp-block-post-title has-large-font-size\"><a href=\"https:\/\/www.busclassic.org\/ca\/activitats\/novetats-sagales\/\" target=\"_self\" >Novetats de Sagal\u00e9s<\/a><\/h2>\n\n<div class=\"wp-block-post-excerpt\"><p class=\"wp-block-post-excerpt__excerpt\">Descobreix els autobusos m\u00e9s innovadors de Sagal\u00e9s a l\u2019Exposici\u00f3 d\u2019Autobusos Cl\u00e0ssics de Barcelona. Vehicles nous, tecnologia sostenible i dissenys moderns. Activitat gratu\u00efta.<\/p><p class=\"wp-block-post-excerpt__more-text\"><a class=\"wp-block-post-excerpt__more-link\" href=\"https:\/\/www.busclassic.org\/ca\/activitats\/novetats-sagales\/\"><strong>M\u00e9s informaci\u00f3<\/strong><\/a><\/p><\/div><\/div>\n<\/div>\n\n<\/li><li class=\"wp-block-post post-4932 post type-post status-publish format-standard has-post-thumbnail hentry category-activitats\">\n\n<div class=\"wp-block-columns is-layout-flex wp-container-core-columns-is-layout-5b637e4e wp-block-columns-is-layout-flex\" style=\"border-width:1px;border-radius:20px;margin-top:0;margin-bottom:0;padding-top:var(--wp--preset--spacing--40);padding-right:var(--wp--preset--spacing--40);padding-bottom:var(--wp--preset--spacing--40);padding-left:var(--wp--preset--spacing--40)\">\n<div class=\"wp-block-column is-vertically-aligned-center is-layout-flow wp-block-column-is-layout-flow\" style=\"flex-basis:30%\"><figure style=\"aspect-ratio:16\/9;\" class=\"wp-block-post-featured-image\"><a href=\"https:\/\/www.busclassic.org\/ca\/activitats\/novetats-tmb\/\" target=\"_self\"  ><img loading=\"lazy\" decoding=\"async\" width=\"2560\" height=\"1703\" src=\"https:\/\/www.busclassic.org\/wp-content\/uploads\/2025\/06\/tmb240601_PH_061-scaled.jpg\" class=\"attachment-post-thumbnail size-post-thumbnail wp-post-image\" alt=\"Novetats de TMB\" style=\"width:100%;height:100%;object-fit:cover;\" srcset=\"https:\/\/www.busclassic.org\/wp-content\/uploads\/2025\/06\/tmb240601_PH_061-scaled.jpg 2560w, https:\/\/www.busclassic.org\/wp-content\/uploads\/2025\/06\/tmb240601_PH_061-300x200.jpg 300w, https:\/\/www.busclassic.org\/wp-content\/uploads\/2025\/06\/tmb240601_PH_061-1024x681.jpg 1024w, https:\/\/www.busclassic.org\/wp-content\/uploads\/2025\/06\/tmb240601_PH_061-768x511.jpg 768w, https:\/\/www.busclassic.org\/wp-content\/uploads\/2025\/06\/tmb240601_PH_061-1536x1022.jpg 1536w, https:\/\/www.busclassic.org\/wp-content\/uploads\/2025\/06\/tmb240601_PH_061-2048x1363.jpg 2048w, https:\/\/www.busclassic.org\/wp-content\/uploads\/2025\/06\/tmb240601_PH_061-18x12.jpg 18w, https:\/\/www.busclassic.org\/wp-content\/uploads\/2025\/06\/tmb240601_PH_061-1000x665.jpg 1000w, https:\/\/www.busclassic.org\/wp-content\/uploads\/2025\/06\/tmb240601_PH_061-230x153.jpg 230w, https:\/\/www.busclassic.org\/wp-content\/uploads\/2025\/06\/tmb240601_PH_061-350x233.jpg 350w, https:\/\/www.busclassic.org\/wp-content\/uploads\/2025\/06\/tmb240601_PH_061-480x319.jpg 480w, https:\/\/www.busclassic.org\/wp-content\/uploads\/2025\/06\/tmb240601_PH_061-272x182.jpg 272w\" sizes=\"auto, (max-width: 2560px) 100vw, 2560px\" \/><\/a><\/figure><\/div>\n\n\n\n<div class=\"wp-block-column is-vertically-aligned-top is-layout-flow wp-block-column-is-layout-flow\" style=\"flex-basis:70%\"><h2 class=\"titol-activitat wp-block-post-title has-large-font-size\"><a href=\"https:\/\/www.busclassic.org\/ca\/activitats\/novetats-tmb\/\" target=\"_self\" >Novetats de TMB<\/a><\/h2>\n\n<div class=\"wp-block-post-excerpt\"><p class=\"wp-block-post-excerpt__excerpt\">Coneix els autobusos m\u00e9s innovadors de TMB a l\u2019Exposici\u00f3 d\u2019Autobusos Cl\u00e0ssics de Barcelona. Vehicles sostenibles, confortables i amb tecnologia punta. Activitat gratu\u00efta i oberta a tothom.<\/p><p class=\"wp-block-post-excerpt__more-text\"><a class=\"wp-block-post-excerpt__more-link\" href=\"https:\/\/www.busclassic.org\/ca\/activitats\/novetats-tmb\/\"><strong>M\u00e9s informaci\u00f3<\/strong><\/a><\/p><\/div><\/div>\n<\/div>\n\n<\/li><li class=\"wp-block-post post-4942 post type-post status-publish format-standard has-post-thumbnail hentry category-activitats\">\n\n<div class=\"wp-block-columns is-layout-flex wp-container-core-columns-is-layout-5b637e4e wp-block-columns-is-layout-flex\" style=\"border-width:1px;border-radius:20px;margin-top:0;margin-bottom:0;padding-top:var(--wp--preset--spacing--40);padding-right:var(--wp--preset--spacing--40);padding-bottom:var(--wp--preset--spacing--40);padding-left:var(--wp--preset--spacing--40)\">\n<div class=\"wp-block-column is-vertically-aligned-center is-layout-flow wp-block-column-is-layout-flow\" style=\"flex-basis:30%\"><figure style=\"aspect-ratio:16\/9;\" class=\"wp-block-post-featured-image\"><a href=\"https:\/\/www.busclassic.org\/ca\/activitats\/pintacares\/\" target=\"_self\"  ><img loading=\"lazy\" decoding=\"async\" width=\"2560\" height=\"1703\" src=\"https:\/\/www.busclassic.org\/wp-content\/uploads\/2025\/06\/exposici-dautobusos-clssics-de-barcelona-2023_53902278187_o-scaled.jpg\" class=\"attachment-post-thumbnail size-post-thumbnail wp-post-image\" alt=\"Pintacares\" style=\"width:100%;height:100%;object-fit:cover;\" srcset=\"https:\/\/www.busclassic.org\/wp-content\/uploads\/2025\/06\/exposici-dautobusos-clssics-de-barcelona-2023_53902278187_o-scaled.jpg 2560w, https:\/\/www.busclassic.org\/wp-content\/uploads\/2025\/06\/exposici-dautobusos-clssics-de-barcelona-2023_53902278187_o-300x200.jpg 300w, https:\/\/www.busclassic.org\/wp-content\/uploads\/2025\/06\/exposici-dautobusos-clssics-de-barcelona-2023_53902278187_o-1024x681.jpg 1024w, https:\/\/www.busclassic.org\/wp-content\/uploads\/2025\/06\/exposici-dautobusos-clssics-de-barcelona-2023_53902278187_o-768x511.jpg 768w, https:\/\/www.busclassic.org\/wp-content\/uploads\/2025\/06\/exposici-dautobusos-clssics-de-barcelona-2023_53902278187_o-1536x1022.jpg 1536w, https:\/\/www.busclassic.org\/wp-content\/uploads\/2025\/06\/exposici-dautobusos-clssics-de-barcelona-2023_53902278187_o-2048x1363.jpg 2048w, https:\/\/www.busclassic.org\/wp-content\/uploads\/2025\/06\/exposici-dautobusos-clssics-de-barcelona-2023_53902278187_o-18x12.jpg 18w, https:\/\/www.busclassic.org\/wp-content\/uploads\/2025\/06\/exposici-dautobusos-clssics-de-barcelona-2023_53902278187_o-1000x665.jpg 1000w, https:\/\/www.busclassic.org\/wp-content\/uploads\/2025\/06\/exposici-dautobusos-clssics-de-barcelona-2023_53902278187_o-230x153.jpg 230w, https:\/\/www.busclassic.org\/wp-content\/uploads\/2025\/06\/exposici-dautobusos-clssics-de-barcelona-2023_53902278187_o-350x233.jpg 350w, https:\/\/www.busclassic.org\/wp-content\/uploads\/2025\/06\/exposici-dautobusos-clssics-de-barcelona-2023_53902278187_o-480x319.jpg 480w, https:\/\/www.busclassic.org\/wp-content\/uploads\/2025\/06\/exposici-dautobusos-clssics-de-barcelona-2023_53902278187_o-272x182.jpg 272w\" sizes=\"auto, (max-width: 2560px) 100vw, 2560px\" \/><\/a><\/figure><\/div>\n\n\n\n<div class=\"wp-block-column is-vertically-aligned-top is-layout-flow wp-block-column-is-layout-flow\" style=\"flex-basis:70%\"><h2 class=\"titol-activitat wp-block-post-title has-large-font-size\"><a href=\"https:\/\/www.busclassic.org\/ca\/activitats\/pintacares\/\" target=\"_self\" >Pintacares<\/a><\/h2>\n\n<div class=\"wp-block-post-excerpt\"><p class=\"wp-block-post-excerpt__excerpt\">Pintacares infantil a l\u2019Exposici\u00f3 d\u2019Autobusos Cl\u00e0ssics de Barcelona! Activitat gratu\u00efta i sense reserva, ideal per als m\u00e9s petits. Diversi\u00f3, colors i creativitat en fam\u00edlia.<\/p><p class=\"wp-block-post-excerpt__more-text\"><a class=\"wp-block-post-excerpt__more-link\" href=\"https:\/\/www.busclassic.org\/ca\/activitats\/pintacares\/\"><strong>M\u00e9s informaci\u00f3<\/strong><\/a><\/p><\/div><\/div>\n<\/div>\n\n<\/li><li class=\"wp-block-post post-4945 post type-post status-publish format-standard has-post-thumbnail hentry category-activitats\">\n\n<div class=\"wp-block-columns is-layout-flex wp-container-core-columns-is-layout-5b637e4e wp-block-columns-is-layout-flex\" style=\"border-width:1px;border-radius:20px;margin-top:0;margin-bottom:0;padding-top:var(--wp--preset--spacing--40);padding-right:var(--wp--preset--spacing--40);padding-bottom:var(--wp--preset--spacing--40);padding-left:var(--wp--preset--spacing--40)\">\n<div class=\"wp-block-column is-vertically-aligned-center is-layout-flow wp-block-column-is-layout-flow\" style=\"flex-basis:30%\"><figure style=\"aspect-ratio:16\/9;\" class=\"wp-block-post-featured-image\"><a href=\"https:\/\/www.busclassic.org\/ca\/activitats\/simulador\/\" target=\"_self\"  ><img loading=\"lazy\" decoding=\"async\" width=\"2048\" height=\"1367\" src=\"https:\/\/www.busclassic.org\/wp-content\/uploads\/2019\/05\/48139720883_5eaf334c6f_k.jpg\" class=\"attachment-post-thumbnail size-post-thumbnail wp-post-image\" alt=\"Simulador de conducci\u00f3 d&#8217;autobusos\" style=\"width:100%;height:100%;object-fit:cover;\" srcset=\"https:\/\/www.busclassic.org\/wp-content\/uploads\/2019\/05\/48139720883_5eaf334c6f_k.jpg 2048w, https:\/\/www.busclassic.org\/wp-content\/uploads\/2019\/05\/48139720883_5eaf334c6f_k-300x200.jpg 300w, https:\/\/www.busclassic.org\/wp-content\/uploads\/2019\/05\/48139720883_5eaf334c6f_k-1024x684.jpg 1024w, https:\/\/www.busclassic.org\/wp-content\/uploads\/2019\/05\/48139720883_5eaf334c6f_k-768x513.jpg 768w, https:\/\/www.busclassic.org\/wp-content\/uploads\/2019\/05\/48139720883_5eaf334c6f_k-1536x1025.jpg 1536w, https:\/\/www.busclassic.org\/wp-content\/uploads\/2019\/05\/48139720883_5eaf334c6f_k-1000x667.jpg 1000w, https:\/\/www.busclassic.org\/wp-content\/uploads\/2019\/05\/48139720883_5eaf334c6f_k-230x154.jpg 230w, https:\/\/www.busclassic.org\/wp-content\/uploads\/2019\/05\/48139720883_5eaf334c6f_k-350x234.jpg 350w, https:\/\/www.busclassic.org\/wp-content\/uploads\/2019\/05\/48139720883_5eaf334c6f_k-480x320.jpg 480w, https:\/\/www.busclassic.org\/wp-content\/uploads\/2019\/05\/48139720883_5eaf334c6f_k-272x182.jpg 272w\" sizes=\"auto, (max-width: 2048px) 100vw, 2048px\" \/><\/a><\/figure><\/div>\n\n\n\n<div class=\"wp-block-column is-vertically-aligned-top is-layout-flow wp-block-column-is-layout-flow\" style=\"flex-basis:70%\"><h2 class=\"titol-activitat wp-block-post-title has-large-font-size\"><a href=\"https:\/\/www.busclassic.org\/ca\/activitats\/simulador\/\" target=\"_self\" >Simulador de conducci\u00f3 d&#8217;autobusos<\/a><\/h2>\n\n<div class=\"wp-block-post-excerpt\"><p class=\"wp-block-post-excerpt__excerpt\">Experimenta com \u00e9s conduir un autob\u00fas amb el simulador d\u2019ARCA a l\u2019Exposici\u00f3 d\u2019Autobusos Cl\u00e0ssics de Barcelona. Activitat gratu\u00efta per a majors de 12 anys, amb reserva in situ.<\/p><p class=\"wp-block-post-excerpt__more-text\"><a class=\"wp-block-post-excerpt__more-link\" href=\"https:\/\/www.busclassic.org\/ca\/activitats\/simulador\/\"><strong>M\u00e9s informaci\u00f3<\/strong><\/a><\/p><\/div><\/div>\n<\/div>\n\n<\/li><li class=\"wp-block-post post-4950 post type-post status-publish format-standard has-post-thumbnail hentry category-activitats\">\n\n<div class=\"wp-block-columns is-layout-flex wp-container-core-columns-is-layout-5b637e4e wp-block-columns-is-layout-flex\" style=\"border-width:1px;border-radius:20px;margin-top:0;margin-bottom:0;padding-top:var(--wp--preset--spacing--40);padding-right:var(--wp--preset--spacing--40);padding-bottom:var(--wp--preset--spacing--40);padding-left:var(--wp--preset--spacing--40)\">\n<div class=\"wp-block-column is-vertically-aligned-center is-layout-flow wp-block-column-is-layout-flow\" style=\"flex-basis:30%\"><figure style=\"aspect-ratio:16\/9;\" class=\"wp-block-post-featured-image\"><a href=\"https:\/\/www.busclassic.org\/ca\/activitats\/jovi\/\" target=\"_self\"  ><img loading=\"lazy\" decoding=\"async\" width=\"2560\" height=\"1703\" src=\"https:\/\/www.busclassic.org\/wp-content\/uploads\/2025\/06\/tmb240601_PH_042-scaled.jpg\" class=\"attachment-post-thumbnail size-post-thumbnail wp-post-image\" alt=\"Taula Jovi\" style=\"width:100%;height:100%;object-fit:cover;\" srcset=\"https:\/\/www.busclassic.org\/wp-content\/uploads\/2025\/06\/tmb240601_PH_042-scaled.jpg 2560w, https:\/\/www.busclassic.org\/wp-content\/uploads\/2025\/06\/tmb240601_PH_042-300x200.jpg 300w, https:\/\/www.busclassic.org\/wp-content\/uploads\/2025\/06\/tmb240601_PH_042-1024x681.jpg 1024w, https:\/\/www.busclassic.org\/wp-content\/uploads\/2025\/06\/tmb240601_PH_042-768x511.jpg 768w, https:\/\/www.busclassic.org\/wp-content\/uploads\/2025\/06\/tmb240601_PH_042-1536x1022.jpg 1536w, https:\/\/www.busclassic.org\/wp-content\/uploads\/2025\/06\/tmb240601_PH_042-2048x1363.jpg 2048w, https:\/\/www.busclassic.org\/wp-content\/uploads\/2025\/06\/tmb240601_PH_042-18x12.jpg 18w, https:\/\/www.busclassic.org\/wp-content\/uploads\/2025\/06\/tmb240601_PH_042-1000x665.jpg 1000w, https:\/\/www.busclassic.org\/wp-content\/uploads\/2025\/06\/tmb240601_PH_042-230x153.jpg 230w, https:\/\/www.busclassic.org\/wp-content\/uploads\/2025\/06\/tmb240601_PH_042-350x233.jpg 350w, https:\/\/www.busclassic.org\/wp-content\/uploads\/2025\/06\/tmb240601_PH_042-480x319.jpg 480w, https:\/\/www.busclassic.org\/wp-content\/uploads\/2025\/06\/tmb240601_PH_042-272x182.jpg 272w\" sizes=\"auto, (max-width: 2560px) 100vw, 2560px\" \/><\/a><\/figure><\/div>\n\n\n\n<div class=\"wp-block-column is-vertically-aligned-top is-layout-flow wp-block-column-is-layout-flow\" style=\"flex-basis:70%\"><h2 class=\"titol-activitat wp-block-post-title has-large-font-size\"><a href=\"https:\/\/www.busclassic.org\/ca\/activitats\/jovi\/\" target=\"_self\" >Taula Jovi<\/a><\/h2>\n\n<div class=\"wp-block-post-excerpt\"><p class=\"wp-block-post-excerpt__excerpt\">Gaudeix d\u2019un espai de manualitats amb Jovi a l\u2019Exposici\u00f3 d\u2019Autobusos Cl\u00e0ssics de Barcelona. Dibuixa, crea i diverteix-te en fam\u00edlia! Activitat gratu\u00efta i sense reserva.<\/p><p class=\"wp-block-post-excerpt__more-text\"><a class=\"wp-block-post-excerpt__more-link\" href=\"https:\/\/www.busclassic.org\/ca\/activitats\/jovi\/\"><strong>M\u00e9s informaci\u00f3<\/strong><\/a><\/p><\/div><\/div>\n<\/div>\n\n<\/li><li class=\"wp-block-post post-4956 post type-post status-publish format-standard has-post-thumbnail hentry category-activitats\">\n\n<div class=\"wp-block-columns is-layout-flex wp-container-core-columns-is-layout-5b637e4e wp-block-columns-is-layout-flex\" style=\"border-width:1px;border-radius:20px;margin-top:0;margin-bottom:0;padding-top:var(--wp--preset--spacing--40);padding-right:var(--wp--preset--spacing--40);padding-bottom:var(--wp--preset--spacing--40);padding-left:var(--wp--preset--spacing--40)\">\n<div class=\"wp-block-column is-vertically-aligned-center is-layout-flow wp-block-column-is-layout-flow\" style=\"flex-basis:30%\"><figure style=\"aspect-ratio:16\/9;\" class=\"wp-block-post-featured-image\"><a href=\"https:\/\/www.busclassic.org\/ca\/activitats\/visites-guiades\/\" target=\"_self\"  ><img loading=\"lazy\" decoding=\"async\" width=\"2048\" height=\"1367\" src=\"https:\/\/www.busclassic.org\/wp-content\/uploads\/2018\/04\/43023542431_122d01cb73_k.jpg\" class=\"attachment-post-thumbnail size-post-thumbnail wp-post-image\" alt=\"Visites guiades\" style=\"width:100%;height:100%;object-fit:cover;\" srcset=\"https:\/\/www.busclassic.org\/wp-content\/uploads\/2018\/04\/43023542431_122d01cb73_k.jpg 2048w, https:\/\/www.busclassic.org\/wp-content\/uploads\/2018\/04\/43023542431_122d01cb73_k-300x200.jpg 300w, https:\/\/www.busclassic.org\/wp-content\/uploads\/2018\/04\/43023542431_122d01cb73_k-1024x684.jpg 1024w, https:\/\/www.busclassic.org\/wp-content\/uploads\/2018\/04\/43023542431_122d01cb73_k-768x513.jpg 768w, https:\/\/www.busclassic.org\/wp-content\/uploads\/2018\/04\/43023542431_122d01cb73_k-1536x1025.jpg 1536w, https:\/\/www.busclassic.org\/wp-content\/uploads\/2018\/04\/43023542431_122d01cb73_k-1000x667.jpg 1000w, https:\/\/www.busclassic.org\/wp-content\/uploads\/2018\/04\/43023542431_122d01cb73_k-230x154.jpg 230w, https:\/\/www.busclassic.org\/wp-content\/uploads\/2018\/04\/43023542431_122d01cb73_k-350x234.jpg 350w, https:\/\/www.busclassic.org\/wp-content\/uploads\/2018\/04\/43023542431_122d01cb73_k-480x320.jpg 480w, https:\/\/www.busclassic.org\/wp-content\/uploads\/2018\/04\/43023542431_122d01cb73_k-272x182.jpg 272w\" sizes=\"auto, (max-width: 2048px) 100vw, 2048px\" \/><\/a><\/figure><\/div>\n\n\n\n<div class=\"wp-block-column is-vertically-aligned-top is-layout-flow wp-block-column-is-layout-flow\" style=\"flex-basis:70%\"><h2 class=\"titol-activitat wp-block-post-title has-large-font-size\"><a href=\"https:\/\/www.busclassic.org\/ca\/activitats\/visites-guiades\/\" target=\"_self\" >Visites guiades<\/a><\/h2>\n\n<div class=\"wp-block-post-excerpt\"><p class=\"wp-block-post-excerpt__excerpt\">Participa en les visites guiades de l\u2019Exposici\u00f3 d\u2019Autobusos Cl\u00e0ssics de Barcelona i descobreix la hist\u00f2ria del transport p\u00fablic. Gratu\u00eft, amb inscripci\u00f3 pr\u00e8via i places limitades.<\/p><p class=\"wp-block-post-excerpt__more-text\"><a class=\"wp-block-post-excerpt__more-link\" href=\"https:\/\/www.busclassic.org\/ca\/activitats\/visites-guiades\/\"><strong>M\u00e9s informaci\u00f3<\/strong><\/a><\/p><\/div><\/div>\n<\/div>\n\n<\/li><\/ul><\/div>\n","protected":false},"excerpt":{"rendered":"<p>Descobreix l\u2019Exposici\u00f3 d\u2019Autobusos Cl\u00e0ssics de Barcelona: visites guiades, exposicions hist\u00f2riques, jocs interactius i tallers familiars. Un dia cultural, enriquidor i divertit!<\/p>\n","protected":false},"author":1,"featured_media":0,"parent":0,"menu_order":0,"comment_status":"closed","ping_status":"closed","template":"page-templates\/page_fullwidth.php","meta":{"_exactmetrics_skip_tracking":false,"_exactmetrics_sitenote_active":false,"_exactmetrics_sitenote_note":"","_exactmetrics_sitenote_category":0,"footnotes":""},"class_list":["post-1953","page","type-page","status-publish","hentry"],"mb":[],"mfb_rest_fields":["title"],"_links":{"self":[{"href":"https:\/\/www.busclassic.org\/ca\/wp-json\/wp\/v2\/pages\/1953","targetHints":{"allow":["GET"]}}],"collection":[{"href":"https:\/\/www.busclassic.org\/ca\/wp-json\/wp\/v2\/pages"}],"about":[{"href":"https:\/\/www.busclassic.org\/ca\/wp-json\/wp\/v2\/types\/page"}],"author":[{"embeddable":true,"href":"https:\/\/www.busclassic.org\/ca\/wp-json\/wp\/v2\/users\/1"}],"replies":[{"embeddable":true,"href":"https:\/\/www.busclassic.org\/ca\/wp-json\/wp\/v2\/comments?post=1953"}],"version-history":[{"count":30,"href":"https:\/\/www.busclassic.org\/ca\/wp-json\/wp\/v2\/pages\/1953\/revisions"}],"predecessor-version":[{"id":4996,"href":"https:\/\/www.busclassic.org\/ca\/wp-json\/wp\/v2\/pages\/1953\/revisions\/4996"}],"wp:attachment":[{"href":"https:\/\/www.busclassic.org\/ca\/wp-json\/wp\/v2\/media?parent=1953"}],"curies":[{"name":"wp","href":"https:\/\/api.w.org\/{rel}","templated":true}]}}