{"id":1287,"date":"2018-04-26T06:51:08","date_gmt":"2018-04-26T04:51:08","guid":{"rendered":"https:\/\/www.busclassic.org\/?page_id=1287"},"modified":"2025-06-13T18:37:48","modified_gmt":"2025-06-13T16:37:48","slug":"historia-ralli","status":"publish","type":"page","link":"https:\/\/www.busclassic.org\/de\/rallye-geschichte\/","title":{"rendered":"Geschichte"},"content":{"rendered":"<h3 class=\"wp-block-heading\">Die Ausstellung klassischer Busse in Barcelona entstand aus der gemeinsamen Anstrengung des Unternehmens Sagal\u00e9s, der TMB-Stiftung und der Vereinigung zur Wiederherstellung und Erhaltung von Omnibussen (ARCA).<\/h3>\n\n\n\n<p>Ziel ist es, das Erbe und die Geschichte des st\u00e4dtischen und stadtnahen \u00f6ffentlichen Nahverkehrs an der Oberfl\u00e4che neu zu bewerten. Als Besitzer historischen Materials und durch Engagement in dessen Erhaltung, Pflege und Restaurierung aus drei verschiedenen Bereichen (\u00f6ffentliches Unternehmen, privates Unternehmen und Freiwilligenverein) arbeitet man daran, dieses Erbe der \u00d6ffentlichkeit zug\u00e4nglich zu machen, damit sie ein Material entdecken und sch\u00e4tzen kann, das als Teil des \u00f6ffentlichen Verkehrs das Leben vieler Menschen gepr\u00e4gt hat.<\/p>\n\n\n\n<p>Die Teamarbeit der Veranstalter f\u00fchrte im Jahr 2010 zur ersten Ausgabe einer Veranstaltung ohne vergleichbare Referenz auf der Iberischen Halbinsel, die bis zur heutigen 11. Ausgabe ununterbrochen fortgesetzt wurde. Sie hat durch ausl\u00e4ndische Teilnehmer einen internationalen Charakter gewonnen, jedes Jahr die Zahl der Begleitveranstaltungen erweitert und vor allem die Anzahl der teilnehmenden Fahrzeuge bei jeder Ausgabe erh\u00f6ht.<\/p>\n\n\n\n<figure class=\"wp-block-image aligncenter\"><img loading=\"lazy\" decoding=\"async\" width=\"1024\" height=\"680\" src=\"https:\/\/www.busclassic.org\/wp-content\/uploads\/2018\/04\/3-1024x680.jpg\" alt=\"\" class=\"wp-image-716\" srcset=\"\" sizes=\"auto, (max-width: 1024px) 100vw, 1024px\" data-srcset=\"\" \/><\/figure>\n\n\n\n<p><\/p>","protected":false},"excerpt":{"rendered":"<p>Seit 2010 bieten Fachleute und Freiwillige eine Ausstellung an, die das Erbe des st\u00e4dtischen und vorst\u00e4dtischen \u00f6ffentlichen Nahverkehrs mit restaurierten Fahrzeugen und Aktivit\u00e4ten w\u00fcrdigt.<\/p>","protected":false},"author":2,"featured_media":0,"parent":0,"menu_order":0,"comment_status":"closed","ping_status":"closed","template":"page-templates\/page_fullwidth.php","meta":{"_exactmetrics_skip_tracking":false,"_exactmetrics_sitenote_active":false,"_exactmetrics_sitenote_note":"","_exactmetrics_sitenote_category":0,"footnotes":""},"class_list":["post-1287","page","type-page","status-publish","hentry"],"mb":[],"mfb_rest_fields":["title"],"_links":{"self":[{"href":"https:\/\/www.busclassic.org\/de\/wp-json\/wp\/v2\/pages\/1287","targetHints":{"allow":["GET"]}}],"collection":[{"href":"https:\/\/www.busclassic.org\/de\/wp-json\/wp\/v2\/pages"}],"about":[{"href":"https:\/\/www.busclassic.org\/de\/wp-json\/wp\/v2\/types\/page"}],"author":[{"embeddable":true,"href":"https:\/\/www.busclassic.org\/de\/wp-json\/wp\/v2\/users\/2"}],"replies":[{"embeddable":true,"href":"https:\/\/www.busclassic.org\/de\/wp-json\/wp\/v2\/comments?post=1287"}],"version-history":[{"count":20,"href":"https:\/\/www.busclassic.org\/de\/wp-json\/wp\/v2\/pages\/1287\/revisions"}],"predecessor-version":[{"id":4900,"href":"https:\/\/www.busclassic.org\/de\/wp-json\/wp\/v2\/pages\/1287\/revisions\/4900"}],"wp:attachment":[{"href":"https:\/\/www.busclassic.org\/de\/wp-json\/wp\/v2\/media?parent=1287"}],"curies":[{"name":"wp","href":"https:\/\/api.w.org\/{rel}","templated":true}]}}