{"id":1254,"date":"2018-04-26T06:45:32","date_gmt":"2018-04-26T04:45:32","guid":{"rendered":"https:\/\/www.busclassic.org\/?page_id=1254"},"modified":"2025-06-13T16:34:47","modified_gmt":"2025-06-13T14:34:47","slug":"organitzacio","status":"publish","type":"page","link":"https:\/\/www.busclassic.org\/gl\/organizacion\/","title":{"rendered":"A organizaci\u00f3n"},"content":{"rendered":"<div class=\"wp-block-columns is-layout-flex wp-container-core-columns-is-layout-28f84493 wp-block-columns-is-layout-flex\">\n<div class=\"wp-block-column is-layout-flow wp-block-column-is-layout-flow\">\n<p>Na Exposici\u00f3n de Autobuses Cl\u00e1sicos de Barcelona participan, ano tras ano e dende o 2010, numerosos veh\u00edculos de diferentes \u00e9pocas coidadosamente restaurados. Este evento cel\u00e9brase na Avenida Maria Cristina de Barcelona. En conxunto, \u00e9 un evento moi agardado por moitos afeccionados e unha oportunidade \u00fanica para revivir a historia do noso transporte p\u00fablico de superficie.<\/p>\n\n\n\n<figure class=\"wp-block-image aligncenter size-large\"><img loading=\"lazy\" decoding=\"async\" width=\"1024\" height=\"576\" src=\"https:\/\/www.busclassic.org\/wp-content\/uploads\/2024\/08\/tmb240601_PH_177-edited-1024x576.jpg\" alt=\"\" class=\"wp-image-4609\" style=\"aspect-ratio:16\/9;object-fit:contain\" srcset=\"\" sizes=\"auto, (max-width: 1024px) 100vw, 1024px\" data-srcset=\"\" \/><\/figure>\n\n\n\n<p>Os anos pasados desde 2010 non son moitos se os comparamos cunha historia de m\u00e1is dun s\u00e9culo ligada \u00e1 evoluci\u00f3n das nosas cidades, pero representan un fito importante para todas as persoas que organizan o evento de forma desinteresada e coa ilusi\u00f3n de salvagardar e difundir este patrimonio hist\u00f3rico, cultural e social, que tam\u00e9n \u00e9 memoria viva e unha parte importante dos nosos valores.<\/p>\n\n\n\n<div class=\"wp-block-columns is-layout-flex wp-container-core-columns-is-layout-28f84493 wp-block-columns-is-layout-flex\">\n<div class=\"wp-block-column is-layout-flow wp-block-column-is-layout-flow\">\n<figure class=\"wp-block-image aligncenter size-large\"><img loading=\"lazy\" decoding=\"async\" width=\"1024\" height=\"576\" src=\"https:\/\/www.busclassic.org\/wp-content\/uploads\/2024\/08\/tmb240601_PH_190-edited-1024x576.jpg\" alt=\"\" class=\"wp-image-4610\" style=\"object-fit:cover\" srcset=\"\" sizes=\"auto, (max-width: 1024px) 100vw, 1024px\" data-srcset=\"\" \/><\/figure>\n<\/div>\n\n\n\n<div class=\"wp-block-column is-layout-flow wp-block-column-is-layout-flow\">\n<figure class=\"wp-block-image aligncenter size-large\"><img loading=\"lazy\" decoding=\"async\" width=\"1024\" height=\"576\" src=\"https:\/\/www.busclassic.org\/wp-content\/uploads\/2024\/08\/tmb240602_PH_032-edited-1024x576.jpg\" alt=\"\" class=\"wp-image-4611\" style=\"object-fit:cover\" srcset=\"\" sizes=\"auto, (max-width: 1024px) 100vw, 1024px\" data-srcset=\"\" \/><\/figure>\n<\/div>\n<\/div>\n\n\n\n<p class=\"translation-block\">Agardamos que esta xornada festiva e cultural, organizada pola <a href=\"http:\/\/arca-bus.org\" target=\"_blank\" rel=\"noreferrer noopener\">Asociaci\u00f3n para a Recuperaci\u00f3n e Conservaci\u00f3n de Autobuses<\/a>, <a href=\"http:\/\/www.sagales.com\" target=\"_blank\" rel=\"noreferrer noopener\">Empresa Sagal\u00e9s<\/a> e a <a href=\"http:\/\/fundacio.tmb.cat\" target=\"_blank\" rel=\"noreferrer noopener\">Fundaci\u00f3n TMB<\/a>, contin\u00fae durante moitos anos co mesmo entusiasmo de sempre.<\/p>\n\n\n\n<div class=\"wp-block-columns are-vertically-aligned-center is-layout-flex wp-container-core-columns-is-layout-28f84493 wp-block-columns-is-layout-flex\">\n<div class=\"wp-block-column is-vertically-aligned-center is-layout-flow wp-block-column-is-layout-flow\">\n<figure class=\"wp-block-image aligncenter size-large\"><img loading=\"lazy\" decoding=\"async\" width=\"1024\" height=\"576\" src=\"https:\/\/www.busclassic.org\/wp-content\/uploads\/2024\/08\/tmb240602_PH_069-edited-1024x576.jpg\" alt=\"\" class=\"wp-image-4613\" style=\"object-fit:cover\" srcset=\"\" sizes=\"auto, (max-width: 1024px) 100vw, 1024px\" data-srcset=\"\" \/><\/figure>\n<\/div>\n\n\n\n<div class=\"wp-block-column is-vertically-aligned-center is-layout-flow wp-block-column-is-layout-flow\">\n<figure class=\"wp-block-image aligncenter size-full is-resized\"><img loading=\"lazy\" decoding=\"async\" width=\"445\" height=\"250\" src=\"https:\/\/www.busclassic.org\/wp-content\/uploads\/2024\/08\/tripartit-edited.png\" alt=\"\" class=\"wp-image-4614\" style=\"aspect-ratio:16\/9;object-fit:cover;width:768px\" srcset=\"https:\/\/www.busclassic.org\/wp-content\/uploads\/2024\/08\/tripartit-edited.png 445w, https:\/\/www.busclassic.org\/wp-content\/uploads\/2024\/08\/tripartit-edited-300x169.png 300w, https:\/\/www.busclassic.org\/wp-content\/uploads\/2024\/08\/tripartit-edited-230x129.png 230w, https:\/\/www.busclassic.org\/wp-content\/uploads\/2024\/08\/tripartit-edited-350x197.png 350w\" sizes=\"auto, (max-width: 445px) 100vw, 445px\" \/><\/figure>\n<\/div>\n<\/div>\n<\/div>\n<\/div>\n\n\n\n<p><\/p>","protected":false},"excerpt":{"rendered":"<p>Desde 2010, preto de trinta autobuses hist\u00f3ricos restaurados participan cada ano na Avenida Mar\u00eda Cristina de Barcelona, ofrecendo aos afeccionados unha oportunidade \u00fanica para revivir a historia do transporte p\u00fablico de superficie.<\/p>","protected":false},"author":2,"featured_media":4603,"parent":0,"menu_order":0,"comment_status":"closed","ping_status":"closed","template":"page-templates\/page_fullwidth.php","meta":{"_exactmetrics_skip_tracking":false,"_exactmetrics_sitenote_active":false,"_exactmetrics_sitenote_note":"","_exactmetrics_sitenote_category":0,"footnotes":""},"class_list":["post-1254","page","type-page","status-publish","has-post-thumbnail","hentry"],"mb":[],"mfb_rest_fields":["title"],"_links":{"self":[{"href":"https:\/\/www.busclassic.org\/gl\/wp-json\/wp\/v2\/pages\/1254","targetHints":{"allow":["GET"]}}],"collection":[{"href":"https:\/\/www.busclassic.org\/gl\/wp-json\/wp\/v2\/pages"}],"about":[{"href":"https:\/\/www.busclassic.org\/gl\/wp-json\/wp\/v2\/types\/page"}],"author":[{"embeddable":true,"href":"https:\/\/www.busclassic.org\/gl\/wp-json\/wp\/v2\/users\/2"}],"replies":[{"embeddable":true,"href":"https:\/\/www.busclassic.org\/gl\/wp-json\/wp\/v2\/comments?post=1254"}],"version-history":[{"count":98,"href":"https:\/\/www.busclassic.org\/gl\/wp-json\/wp\/v2\/pages\/1254\/revisions"}],"predecessor-version":[{"id":4886,"href":"https:\/\/www.busclassic.org\/gl\/wp-json\/wp\/v2\/pages\/1254\/revisions\/4886"}],"wp:featuredmedia":[{"embeddable":true,"href":"https:\/\/www.busclassic.org\/gl\/wp-json\/wp\/v2\/media\/4603"}],"wp:attachment":[{"href":"https:\/\/www.busclassic.org\/gl\/wp-json\/wp\/v2\/media?parent=1254"}],"curies":[{"name":"wp","href":"https:\/\/api.w.org\/{rel}","templated":true}]}}