{"id":1254,"date":"2018-04-26T06:45:32","date_gmt":"2018-04-26T04:45:32","guid":{"rendered":"https:\/\/www.busclassic.org\/?page_id=1254"},"modified":"2025-06-13T16:34:47","modified_gmt":"2025-06-13T14:34:47","slug":"organitzacio","status":"publish","type":"page","link":"https:\/\/www.busclassic.org\/oc\/organizacion\/","title":{"rendered":"Era organizacion"},"content":{"rendered":"<div class=\"wp-block-columns is-layout-flex wp-container-core-columns-is-layout-28f84493 wp-block-columns-is-layout-flex\">\n<div class=\"wp-block-column is-layout-flow wp-block-column-is-layout-flow\">\n<p>En era Exposicion d\u2019Autobusos Classics de Barcelona i participen, an darr\u00e8r an e demp\u00fas de 2010, f\u00f2r\u00e7a ve\u00efculs de diu\u00e8rses ep\u00f2ques curosament restaurats. Aguest eveniment se h\u00e8 en Avinguda Maria Cristina de Barcelona. En conjunt, ei un eveniment f\u00f2r\u00e7a esperat pes aficionadi e ua escasen\u00e7a unica ent\u00e0 reviscolar era ist\u00f2ria deth n\u00f2ste transp\u00f2rt public de superf\u00edcia.<\/p>\n\n\n\n<figure class=\"wp-block-image aligncenter size-large\"><img loading=\"lazy\" decoding=\"async\" width=\"1024\" height=\"576\" src=\"https:\/\/www.busclassic.org\/wp-content\/uploads\/2024\/08\/tmb240601_PH_177-edited-1024x576.jpg\" alt=\"\" class=\"wp-image-4609\" style=\"aspect-ratio:16\/9;object-fit:contain\" srcset=\"\" sizes=\"auto, (max-width: 1024px) 100vw, 1024px\" data-srcset=\"\" \/><\/figure>\n\n\n\n<p>Es ans passadi des de 2010 non son f\u00f2r\u00e7a se les compararam damb ua ist\u00f2ria de m\u00e9s de cent ans ligada ara evolucion des n\u00f2stes villes, m\u00e8s representen ua hita importanta ent\u00e0 totes es persones qu\u2019organizen er eveniment de forma desinteressada e damb era illusion de sauvar e divulgar aguest patrim\u00f2ni istoric, culturau e sociau, qu\u2019ei tanben ua mem\u00f2ria viva e ua part essenciala des n\u00f2sti valors.<\/p>\n\n\n\n<div class=\"wp-block-columns is-layout-flex wp-container-core-columns-is-layout-28f84493 wp-block-columns-is-layout-flex\">\n<div class=\"wp-block-column is-layout-flow wp-block-column-is-layout-flow\">\n<figure class=\"wp-block-image aligncenter size-large\"><img loading=\"lazy\" decoding=\"async\" width=\"1024\" height=\"576\" src=\"https:\/\/www.busclassic.org\/wp-content\/uploads\/2024\/08\/tmb240601_PH_190-edited-1024x576.jpg\" alt=\"\" class=\"wp-image-4610\" style=\"object-fit:cover\" srcset=\"\" sizes=\"auto, (max-width: 1024px) 100vw, 1024px\" data-srcset=\"\" \/><\/figure>\n<\/div>\n\n\n\n<div class=\"wp-block-column is-layout-flow wp-block-column-is-layout-flow\">\n<figure class=\"wp-block-image aligncenter size-large\"><img loading=\"lazy\" decoding=\"async\" width=\"1024\" height=\"576\" src=\"https:\/\/www.busclassic.org\/wp-content\/uploads\/2024\/08\/tmb240602_PH_032-edited-1024x576.jpg\" alt=\"\" class=\"wp-image-4611\" style=\"object-fit:cover\" srcset=\"\" sizes=\"auto, (max-width: 1024px) 100vw, 1024px\" data-srcset=\"\" \/><\/figure>\n<\/div>\n<\/div>\n\n\n\n<p class=\"translation-block\">Esperam que aguesta jornada festiva e culturau, organizada pera <a href=\"http:\/\/arca-bus.org\" target=\"_blank\" rel=\"noreferrer noopener\">Associacion entara Recuperacion e Conservacion d\u2019Autobus<\/a>, era <a href=\"http:\/\/www.sagales.com\" target=\"_blank\" rel=\"noreferrer noopener\">Enterpresa Sagal\u00e9s<\/a> e era <a href=\"http:\/\/fundacio.tmb.cat\" target=\"_blank\" rel=\"noreferrer noopener\">Fondacion TMB<\/a>, contunhe pendent f\u00f2r\u00e7a ans damb eth madeish entusiasme de tostemp.<\/p>\n\n\n\n<div class=\"wp-block-columns are-vertically-aligned-center is-layout-flex wp-container-core-columns-is-layout-28f84493 wp-block-columns-is-layout-flex\">\n<div class=\"wp-block-column is-vertically-aligned-center is-layout-flow wp-block-column-is-layout-flow\">\n<figure class=\"wp-block-image aligncenter size-large\"><img loading=\"lazy\" decoding=\"async\" width=\"1024\" height=\"576\" src=\"https:\/\/www.busclassic.org\/wp-content\/uploads\/2024\/08\/tmb240602_PH_069-edited-1024x576.jpg\" alt=\"\" class=\"wp-image-4613\" style=\"object-fit:cover\" srcset=\"\" sizes=\"auto, (max-width: 1024px) 100vw, 1024px\" data-srcset=\"\" \/><\/figure>\n<\/div>\n\n\n\n<div class=\"wp-block-column is-vertically-aligned-center is-layout-flow wp-block-column-is-layout-flow\">\n<figure class=\"wp-block-image aligncenter size-full is-resized\"><img loading=\"lazy\" decoding=\"async\" width=\"445\" height=\"250\" src=\"https:\/\/www.busclassic.org\/wp-content\/uploads\/2024\/08\/tripartit-edited.png\" alt=\"\" class=\"wp-image-4614\" style=\"aspect-ratio:16\/9;object-fit:cover;width:768px\" srcset=\"https:\/\/www.busclassic.org\/wp-content\/uploads\/2024\/08\/tripartit-edited.png 445w, https:\/\/www.busclassic.org\/wp-content\/uploads\/2024\/08\/tripartit-edited-300x169.png 300w, https:\/\/www.busclassic.org\/wp-content\/uploads\/2024\/08\/tripartit-edited-230x129.png 230w, https:\/\/www.busclassic.org\/wp-content\/uploads\/2024\/08\/tripartit-edited-350x197.png 350w\" sizes=\"auto, (max-width: 445px) 100vw, 445px\" \/><\/figure>\n<\/div>\n<\/div>\n<\/div>\n<\/div>\n\n\n\n<p><\/p>","protected":false},"excerpt":{"rendered":"<p>Dempu\u00e8i 2010, enquia trenta autobus istorics restauradi participen cada an ena Avenguda Maria Cristina de Barcelona, ofrissen ua escasen\u00e7a unica aths aficionadi ent\u00e0 reviscolar era ist\u00f2ria deth transp\u00f2rt public de superf\u00edcia.<\/p>","protected":false},"author":2,"featured_media":4603,"parent":0,"menu_order":0,"comment_status":"closed","ping_status":"closed","template":"page-templates\/page_fullwidth.php","meta":{"_exactmetrics_skip_tracking":false,"_exactmetrics_sitenote_active":false,"_exactmetrics_sitenote_note":"","_exactmetrics_sitenote_category":0,"footnotes":""},"class_list":["post-1254","page","type-page","status-publish","has-post-thumbnail","hentry"],"mb":[],"mfb_rest_fields":["title"],"_links":{"self":[{"href":"https:\/\/www.busclassic.org\/oc\/wp-json\/wp\/v2\/pages\/1254","targetHints":{"allow":["GET"]}}],"collection":[{"href":"https:\/\/www.busclassic.org\/oc\/wp-json\/wp\/v2\/pages"}],"about":[{"href":"https:\/\/www.busclassic.org\/oc\/wp-json\/wp\/v2\/types\/page"}],"author":[{"embeddable":true,"href":"https:\/\/www.busclassic.org\/oc\/wp-json\/wp\/v2\/users\/2"}],"replies":[{"embeddable":true,"href":"https:\/\/www.busclassic.org\/oc\/wp-json\/wp\/v2\/comments?post=1254"}],"version-history":[{"count":98,"href":"https:\/\/www.busclassic.org\/oc\/wp-json\/wp\/v2\/pages\/1254\/revisions"}],"predecessor-version":[{"id":4886,"href":"https:\/\/www.busclassic.org\/oc\/wp-json\/wp\/v2\/pages\/1254\/revisions\/4886"}],"wp:featuredmedia":[{"embeddable":true,"href":"https:\/\/www.busclassic.org\/oc\/wp-json\/wp\/v2\/media\/4603"}],"wp:attachment":[{"href":"https:\/\/www.busclassic.org\/oc\/wp-json\/wp\/v2\/media?parent=1254"}],"curies":[{"name":"wp","href":"https:\/\/api.w.org\/{rel}","templated":true}]}}