{"id":2638,"date":"2022-05-01T20:57:55","date_gmt":"2022-05-01T18:57:55","guid":{"rendered":"https:\/\/www.busclassic.org\/?page_id=2638"},"modified":"2025-06-18T21:21:54","modified_gmt":"2025-06-18T19:21:54","slug":"autobusos-classics-barcelona","status":"publish","type":"page","link":"https:\/\/www.busclassic.org\/oc\/","title":{"rendered":"Exposici\u00f3 d&#8217;Autobusos Cl\u00e0ssics de Barcelona"},"content":{"rendered":"<div class=\"wp-block-group alignfull has-global-padding is-layout-constrained wp-container-core-group-is-layout-8b7d48d7 wp-block-group-is-layout-constrained\">\n<p class=\"has-text-align-center translation-block\">Era <strong>Exposicion d\u2019Autobusos Classics de Barcelona<\/strong> ei un eveniment a on se junhen enquia trenta autobus istorics, damb eth m\u00e8s ancian que a m\u00e8s de 100 ans. Poderatz h\u00e8r un viatge pes ist\u00f2ries deth transp\u00f2rt public collectiu per rota demp\u00fas des comen\u00e7aments deth s\u00e8gle XX enquias n\u00f2sti dies, e veir era evolucion d\u2019aguesti ve\u00efculs en un eveniment que, ath del\u00e0, includ\u00eds activitats ent\u00e0 tota era familha.<\/p>\n\n\n\n<div class=\"wp-block-columns is-layout-flex wp-container-core-columns-is-layout-28f84493 wp-block-columns-is-layout-flex\">\n<div class=\"wp-block-column is-layout-flow wp-block-column-is-layout-flow\">\n<figure class=\"wp-block-pullquote\"><blockquote><p>30<\/p><cite>autobusos istorics<\/cite><\/blockquote><\/figure>\n<\/div>\n\n\n\n<div class=\"wp-block-column is-layout-flow wp-block-column-is-layout-flow\">\n<figure class=\"wp-block-pullquote\"><blockquote><p>120<\/p><cite>ans d\u2019ist\u00f2ria<\/cite><\/blockquote><\/figure>\n<\/div>\n\n\n\n<div class=\"wp-block-column is-layout-flow wp-block-column-is-layout-flow\">\n<figure class=\"wp-block-pullquote\"><blockquote><p>12.000<\/p><cite>visitants annuaus<\/cite><\/blockquote><\/figure>\n<\/div>\n\n\n\n<div class=\"wp-block-column is-layout-flow wp-block-column-is-layout-flow\">\n<figure class=\"wp-block-pullquote\"><blockquote><p>100%<\/p><cite>gratuit<\/cite><\/blockquote><\/figure>\n<\/div>\n<\/div>\n\n\n<\/div>\n\n\n\n<div class=\"wp-block-group alignwide has-global-padding is-layout-constrained wp-container-core-group-is-layout-5254cc14 wp-block-group-is-layout-constrained\">\n<h2 class=\"wp-block-heading\">Era edicion 2025<\/h2>\n\n\n\n<div class=\"wp-block-columns alignwide is-layout-flex wp-container-core-columns-is-layout-28f84493 wp-block-columns-is-layout-flex\">\n<div class=\"wp-block-column is-vertically-aligned-center is-layout-flow wp-block-column-is-layout-flow\" style=\"flex-basis:20%\">\n<figure class=\"wp-block-image aligncenter size-large\"><img loading=\"lazy\" decoding=\"async\" width=\"724\" height=\"1024\" src=\"https:\/\/www.busclassic.org\/wp-content\/uploads\/2025\/06\/cartell2025-724x1024.jpg\" alt=\"\" class=\"wp-image-4731\" srcset=\"\" sizes=\"auto, (max-width: 724px) 100vw, 724px\" data-srcset=\"\" \/><\/figure>\n<\/div>\n\n\n\n<div class=\"wp-block-column is-vertically-aligned-top is-layout-flow wp-block-column-is-layout-flow\" style=\"flex-basis:80%\">\n<p class=\"translation-block\">Ua exposicion festiva, ent\u00e0 un public familhau, a on traparatz\u00a0<strong>autobus antics<\/strong>,\u00a0<strong>exposicions sus era ist\u00f2ria deth transp\u00f2rt public<\/strong>\u00a0e\u00a0<strong>activitats ent\u00e0 mainatges e joeni<\/strong>.<\/p>\n\n\n\n<p class=\"translation-block\">Poderatz apuntar-vos ad ua des\u00a0<strong>visites guidades<\/strong>\u00a0que organizam. En aguestes visites, es n\u00f2sti\u00a0<strong>istoriadors<\/strong>\u00a0e\u00a0<strong>experts<\/strong>\u00a0der mon deth transp\u00f2rt public vos explicar\u00e0n es efem\u00e8rides des quasi cinquanta ve\u00efculs qu\u2019i traparatz.<\/p>\n\n\n\n<p class=\"translation-block\">Tanben poderatz aturar-vos ent\u00e0 veir es\u00a0<strong>exposicions<\/strong>\u00a0que monten diu\u00e8rses entitats sus era\u00a0<strong>ist\u00f2ria des transp\u00f2rts<\/strong>,\u00a0<strong>h\u00e8r ua pausa ent\u00e0 minjar quauquarren<\/strong>\u00a0en n\u00f2ste bar e, quitament, h\u00e8r de conductors d\u2019autob\u00fas per un dia damb un\u00a0<strong>simulator<\/strong>.<\/p>\n\n\n\n<div class=\"wp-block-buttons is-layout-flex wp-block-buttons-is-layout-flex\">\n<div class=\"wp-block-button\"><a class=\"wp-block-button__link has-text-color has-background has-link-color wp-element-button\" href=\"https:\/\/www.busclassic.org\/wp-content\/uploads\/2025\/06\/cartell2025.jpg\" style=\"color:#222222;background-color:#fdd56a\">Descargatz-vos eth afich d\u2019aguesta edicion<\/a><\/div>\n<\/div>\n<\/div>\n<\/div>\n<\/div>\n\n\n\n<div class=\"wp-block-group alignwide has-global-padding is-layout-constrained wp-container-core-group-is-layout-b1fefe26 wp-block-group-is-layout-constrained\">\n<h2 class=\"wp-block-heading\">Es autobusos<\/h2>\n\n\n<div\n\t\t\t\n\t\t\tclass=\"so-widget-sow-post-carousel so-widget-sow-post-carousel-base-64b03f41e330\"\n\t\t\t\n\t\t>\t<div\n\t\tclass=\"sow-post-carousel-wrapper sow-post-carousel-theme-base\"\n\t\tstyle=\"overflow: hidden; max-width: 100%; min-height: 182px\"\n\t>\n\t\t<div class=\"sow-carousel-title\">\n\t\t\t<div class=\"sow-carousel-navigation\">\n\t\t\t\t\t\t<a href=\"#\" class=\"sow-carousel-next\" title=\"Next\" aria-label=\"Next Posts\" role=\"button\"><\/a>\n\t\t\t\t\t\t<a href=\"#\" class=\"sow-carousel-previous\" title=\"Previous\" aria-label=\"Previous Posts\" role=\"button\"><\/a>\n\t\t\t\t\t<\/div>\n\t<\/div>\n\n<div class=\"sow-carousel-container\">\n\t\t<div class=\"sow-carousel-wrapper\"\n\t\tdata-dir=\"ltr\"\n\t\tstyle=\"opacity: 0;\"\n\t\tdata-widget=\"post\" data-fetching=\"false\" data-page=\"1\" data-ajax-url=\"https:\/\/www.busclassic.org\/wp-admin\/admin-ajax.php?_widgets_nonce=9778ecf10e\" data-item_count=\"30\" data-carousel_settings=\"{&quot;loop&quot;:true,&quot;animation&quot;:&quot;&quot;,&quot;animation_speed&quot;:800,&quot;autoplay&quot;:&quot;on&quot;,&quot;pauseOnHover&quot;:true,&quot;autoplaySpeed&quot;:2500,&quot;item_overflow&quot;:true,&quot;autoplay_continuous_scroll&quot;:false}\" data-responsive=\"{&quot;desktop_slides_to_scroll&quot;:1,&quot;tablet_landscape_breakpoint&quot;:1366,&quot;tablet_landscape_slides_to_scroll&quot;:2,&quot;tablet_portrait_breakpoint&quot;:1025,&quot;tablet_portrait_slides_to_scroll&quot;:2,&quot;mobile_breakpoint&quot;:480,&quot;mobile_slides_to_scroll&quot;:1}\" data-variable_width=\"true\" \t>\n\t\t<div\n\t\t\tclass=\"sow-carousel-items\"\n\t\t\t\t\t>\n\t\t\t\t<div class=\"sow-carousel-item\" tabindex=\"-1\" style=\"float: left;\">\n\t\t<div class=\"sow-carousel-thumbnail\">\n\t\t\t\t\t\t\t<a\n\t\t\t\t\thref=\"https:\/\/www.busclassic.org\/oc\/veiculs\/benz-patent-motorwagen\/\"\n\t\t\t\t\t\t\t\t\t\tstyle=\"background-image: url( https:\/\/www.busclassic.org\/wp-content\/uploads\/2025\/06\/DSC07933-272x182.jpg )\"\n\t\t\t\t\taria-labelledby=\"sow-carousel-id-5408\"\n\t\t\t\t\ttabindex=\"-1\"\n\t\t\t\t>\n\t\t\t\t\t<span class=\"overlay\"><\/span>\n\t\t\t\t<\/a>\n\t\t\t\t\t<\/div>\n\t\t<h3 class=\"sow-carousel-item-title\">\n\t\t\t<a\n\t\t\t\thref=\"https:\/\/www.busclassic.org\/oc\/veiculs\/benz-patent-motorwagen\/\"\n\t\t\t\tid=\"sow-carousel-id-5408\"\n\t\t\t\t\t\t\t\ttabindex=\"-1\"\n\t\t\t>\n\n\t\t\t\t01. Benz Patent-Motorwagen\t\t\t<\/a>\n\t\t<\/h3>\n\t<\/div>\n\t\t<div class=\"sow-carousel-item\" tabindex=\"-1\" style=\"float: left;\">\n\t\t<div class=\"sow-carousel-thumbnail\">\n\t\t\t\t\t\t\t<a\n\t\t\t\t\thref=\"https:\/\/www.busclassic.org\/oc\/veiculs\/hispano-suiza-12-15\/\"\n\t\t\t\t\t\t\t\t\t\tstyle=\"background-image: url( https:\/\/www.busclassic.org\/wp-content\/uploads\/2018\/04\/POC_0006-272x182.jpg )\"\n\t\t\t\t\taria-labelledby=\"sow-carousel-id-2334\"\n\t\t\t\t\ttabindex=\"-1\"\n\t\t\t\t>\n\t\t\t\t\t<span class=\"overlay\"><\/span>\n\t\t\t\t<\/a>\n\t\t\t\t\t<\/div>\n\t\t<h3 class=\"sow-carousel-item-title\">\n\t\t\t<a\n\t\t\t\thref=\"https:\/\/www.busclassic.org\/oc\/veiculs\/hispano-suiza-12-15\/\"\n\t\t\t\tid=\"sow-carousel-id-2334\"\n\t\t\t\t\t\t\t\ttabindex=\"-1\"\n\t\t\t>\n\n\t\t\t\t02. Hispano Suiza 12\/15 (1909)\t\t\t<\/a>\n\t\t<\/h3>\n\t<\/div>\n\t\t<div class=\"sow-carousel-item\" tabindex=\"-1\" style=\"float: left;\">\n\t\t<div class=\"sow-carousel-thumbnail\">\n\t\t\t\t\t\t\t<a\n\t\t\t\t\thref=\"https:\/\/www.busclassic.org\/oc\/veiculs\/tilling-stevens\/\"\n\t\t\t\t\t\t\t\t\t\tstyle=\"background-image: url( https:\/\/www.busclassic.org\/wp-content\/uploads\/2022\/06\/tmb220611_PH_005-272x182.jpg )\"\n\t\t\t\t\taria-labelledby=\"sow-carousel-id-3366\"\n\t\t\t\t\ttabindex=\"-1\"\n\t\t\t\t>\n\t\t\t\t\t<span class=\"overlay\"><\/span>\n\t\t\t\t<\/a>\n\t\t\t\t\t<\/div>\n\t\t<h3 class=\"sow-carousel-item-title\">\n\t\t\t<a\n\t\t\t\thref=\"https:\/\/www.busclassic.org\/oc\/veiculs\/tilling-stevens\/\"\n\t\t\t\tid=\"sow-carousel-id-3366\"\n\t\t\t\t\t\t\t\ttabindex=\"-1\"\n\t\t\t>\n\n\t\t\t\t03. Tilling Stevens (1922)\t\t\t<\/a>\n\t\t<\/h3>\n\t<\/div>\n\t\t<div class=\"sow-carousel-item\" tabindex=\"-1\" style=\"float: left;\">\n\t\t<div class=\"sow-carousel-thumbnail\">\n\t\t\t\t\t\t\t<a\n\t\t\t\t\thref=\"https:\/\/www.busclassic.org\/oc\/veiculs\/graham-brothers-dodge-db\/\"\n\t\t\t\t\t\t\t\t\t\tstyle=\"background-image: url( https:\/\/www.busclassic.org\/wp-content\/uploads\/2022\/06\/05-272x182.jpeg )\"\n\t\t\t\t\taria-labelledby=\"sow-carousel-id-2422\"\n\t\t\t\t\ttabindex=\"-1\"\n\t\t\t\t>\n\t\t\t\t\t<span class=\"overlay\"><\/span>\n\t\t\t\t<\/a>\n\t\t\t\t\t<\/div>\n\t\t<h3 class=\"sow-carousel-item-title\">\n\t\t\t<a\n\t\t\t\thref=\"https:\/\/www.busclassic.org\/oc\/veiculs\/graham-brothers-dodge-db\/\"\n\t\t\t\tid=\"sow-carousel-id-2422\"\n\t\t\t\t\t\t\t\ttabindex=\"-1\"\n\t\t\t>\n\n\t\t\t\t04. Graham Brothers Dodge DB\t\t\t<\/a>\n\t\t<\/h3>\n\t<\/div>\n\t\t<div class=\"sow-carousel-item\" tabindex=\"-1\" style=\"float: left;\">\n\t\t<div class=\"sow-carousel-thumbnail\">\n\t\t\t\t\t\t\t<a\n\t\t\t\t\thref=\"https:\/\/www.busclassic.org\/oc\/veiculs\/ford-aa-caba\/\"\n\t\t\t\t\t\t\t\t\t\tstyle=\"background-image: url( https:\/\/www.busclassic.org\/wp-content\/uploads\/2018\/04\/POC_5583-272x182.jpg )\"\n\t\t\t\t\taria-labelledby=\"sow-carousel-id-2389\"\n\t\t\t\t\ttabindex=\"-1\"\n\t\t\t\t>\n\t\t\t\t\t<span class=\"overlay\"><\/span>\n\t\t\t\t<\/a>\n\t\t\t\t\t<\/div>\n\t\t<h3 class=\"sow-carousel-item-title\">\n\t\t\t<a\n\t\t\t\thref=\"https:\/\/www.busclassic.org\/oc\/veiculs\/ford-aa-caba\/\"\n\t\t\t\tid=\"sow-carousel-id-2389\"\n\t\t\t\t\t\t\t\ttabindex=\"-1\"\n\t\t\t>\n\n\t\t\t\t05. Ford AA &#8211; Caba (1929)\t\t\t<\/a>\n\t\t<\/h3>\n\t<\/div>\n\t\t<div class=\"sow-carousel-item\" tabindex=\"-1\" style=\"float: left;\">\n\t\t<div class=\"sow-carousel-thumbnail\">\n\t\t\t\t\t\t\t<a\n\t\t\t\t\thref=\"https:\/\/www.busclassic.org\/oc\/veiculs\/renault-tn4b\/\"\n\t\t\t\t\t\t\t\t\t\tstyle=\"background-image: url( https:\/\/www.busclassic.org\/wp-content\/uploads\/2025\/06\/10-ralli-internacional-dautobusos-clssics_48087978473_o-272x182.jpg )\"\n\t\t\t\t\taria-labelledby=\"sow-carousel-id-5205\"\n\t\t\t\t\ttabindex=\"-1\"\n\t\t\t\t>\n\t\t\t\t\t<span class=\"overlay\"><\/span>\n\t\t\t\t<\/a>\n\t\t\t\t\t<\/div>\n\t\t<h3 class=\"sow-carousel-item-title\">\n\t\t\t<a\n\t\t\t\thref=\"https:\/\/www.busclassic.org\/oc\/veiculs\/renault-tn4b\/\"\n\t\t\t\tid=\"sow-carousel-id-5205\"\n\t\t\t\t\t\t\t\ttabindex=\"-1\"\n\t\t\t>\n\n\t\t\t\t06. Renault TN4B (1931)\t\t\t<\/a>\n\t\t<\/h3>\n\t<\/div>\n\t\t<div class=\"sow-carousel-item\" tabindex=\"-1\" style=\"float: left;\">\n\t\t<div class=\"sow-carousel-thumbnail\">\n\t\t\t\t\t\t\t<a\n\t\t\t\t\thref=\"https:\/\/www.busclassic.org\/oc\/veiculs\/chevrolet-utility-ayats\/\"\n\t\t\t\t\t\t\t\t\t\tstyle=\"background-image: url( https:\/\/www.busclassic.org\/wp-content\/uploads\/2025\/06\/8-ralli-internacional-dautobusos-clssics_40780013775_o-272x182.jpg )\"\n\t\t\t\t\taria-labelledby=\"sow-carousel-id-5238\"\n\t\t\t\t\ttabindex=\"-1\"\n\t\t\t\t>\n\t\t\t\t\t<span class=\"overlay\"><\/span>\n\t\t\t\t<\/a>\n\t\t\t\t\t<\/div>\n\t\t<h3 class=\"sow-carousel-item-title\">\n\t\t\t<a\n\t\t\t\thref=\"https:\/\/www.busclassic.org\/oc\/veiculs\/chevrolet-utility-ayats\/\"\n\t\t\t\tid=\"sow-carousel-id-5238\"\n\t\t\t\t\t\t\t\ttabindex=\"-1\"\n\t\t\t>\n\n\t\t\t\t07. Chevrolet Utility Ayats (1933)\t\t\t<\/a>\n\t\t<\/h3>\n\t<\/div>\n\t\t<div class=\"sow-carousel-item\" tabindex=\"-1\" style=\"float: left;\">\n\t\t<div class=\"sow-carousel-thumbnail\">\n\t\t\t\t\t\t\t<a\n\t\t\t\t\thref=\"https:\/\/www.busclassic.org\/oc\/veiculs\/dodge-brothers\/\"\n\t\t\t\t\t\t\t\t\t\tstyle=\"background-image: url( https:\/\/www.busclassic.org\/wp-content\/uploads\/2020\/04\/IMG_6476-272x182.jpg )\"\n\t\t\t\t\taria-labelledby=\"sow-carousel-id-2380\"\n\t\t\t\t\ttabindex=\"-1\"\n\t\t\t\t>\n\t\t\t\t\t<span class=\"overlay\"><\/span>\n\t\t\t\t<\/a>\n\t\t\t\t\t<\/div>\n\t\t<h3 class=\"sow-carousel-item-title\">\n\t\t\t<a\n\t\t\t\thref=\"https:\/\/www.busclassic.org\/oc\/veiculs\/dodge-brothers\/\"\n\t\t\t\tid=\"sow-carousel-id-2380\"\n\t\t\t\t\t\t\t\ttabindex=\"-1\"\n\t\t\t>\n\n\t\t\t\t08. Dodge Brothers 240 (1939)\t\t\t<\/a>\n\t\t<\/h3>\n\t<\/div>\n\t\t<div class=\"sow-carousel-item\" tabindex=\"-1\" style=\"float: left;\">\n\t\t<div class=\"sow-carousel-thumbnail\">\n\t\t\t\t\t\t\t<a\n\t\t\t\t\thref=\"https:\/\/www.busclassic.org\/oc\/veiculs\/aclo-regent-iii\/\"\n\t\t\t\t\t\t\t\t\t\tstyle=\"background-image: url( https:\/\/www.busclassic.org\/wp-content\/uploads\/2018\/04\/POC_5640-272x182.jpg )\"\n\t\t\t\t\taria-labelledby=\"sow-carousel-id-2387\"\n\t\t\t\t\ttabindex=\"-1\"\n\t\t\t\t>\n\t\t\t\t\t<span class=\"overlay\"><\/span>\n\t\t\t\t<\/a>\n\t\t\t\t\t<\/div>\n\t\t<h3 class=\"sow-carousel-item-title\">\n\t\t\t<a\n\t\t\t\thref=\"https:\/\/www.busclassic.org\/oc\/veiculs\/aclo-regent-iii\/\"\n\t\t\t\tid=\"sow-carousel-id-2387\"\n\t\t\t\t\t\t\t\ttabindex=\"-1\"\n\t\t\t>\n\n\t\t\t\t09. Aclo Regent III (1949)\t\t\t<\/a>\n\t\t<\/h3>\n\t<\/div>\n\t\t<div class=\"sow-carousel-item\" tabindex=\"-1\" style=\"float: left;\">\n\t\t<div class=\"sow-carousel-thumbnail\">\n\t\t\t\t\t\t\t<a\n\t\t\t\t\thref=\"https:\/\/www.busclassic.org\/oc\/veiculs\/chausson-ahh-522\/\"\n\t\t\t\t\t\t\t\t\t\tstyle=\"background-image: url( https:\/\/www.busclassic.org\/wp-content\/uploads\/2018\/04\/POC_5601-272x182.jpg )\"\n\t\t\t\t\taria-labelledby=\"sow-carousel-id-2391\"\n\t\t\t\t\ttabindex=\"-1\"\n\t\t\t\t>\n\t\t\t\t\t<span class=\"overlay\"><\/span>\n\t\t\t\t<\/a>\n\t\t\t\t\t<\/div>\n\t\t<h3 class=\"sow-carousel-item-title\">\n\t\t\t<a\n\t\t\t\thref=\"https:\/\/www.busclassic.org\/oc\/veiculs\/chausson-ahh-522\/\"\n\t\t\t\tid=\"sow-carousel-id-2391\"\n\t\t\t\t\t\t\t\ttabindex=\"-1\"\n\t\t\t>\n\n\t\t\t\t10. Chausson AHH-522 (1955)\t\t\t<\/a>\n\t\t<\/h3>\n\t<\/div>\n\t\t<div class=\"sow-carousel-item\" tabindex=\"-1\" style=\"float: left;\">\n\t\t<div class=\"sow-carousel-thumbnail\">\n\t\t\t\t\t\t\t<a\n\t\t\t\t\thref=\"https:\/\/www.busclassic.org\/oc\/veiculs\/mercedes-benz-o319\/\"\n\t\t\t\t\t\t\t\t\t\tstyle=\"background-image: url( https:\/\/www.busclassic.org\/wp-content\/uploads\/2018\/04\/POC_5676-272x182.jpg )\"\n\t\t\t\t\taria-labelledby=\"sow-carousel-id-2399\"\n\t\t\t\t\ttabindex=\"-1\"\n\t\t\t\t>\n\t\t\t\t\t<span class=\"overlay\"><\/span>\n\t\t\t\t<\/a>\n\t\t\t\t\t<\/div>\n\t\t<h3 class=\"sow-carousel-item-title\">\n\t\t\t<a\n\t\t\t\thref=\"https:\/\/www.busclassic.org\/oc\/veiculs\/mercedes-benz-o319\/\"\n\t\t\t\tid=\"sow-carousel-id-2399\"\n\t\t\t\t\t\t\t\ttabindex=\"-1\"\n\t\t\t>\n\n\t\t\t\t11. Mercedes-Benz O319 (1968)\t\t\t<\/a>\n\t\t<\/h3>\n\t<\/div>\n\t\t<div class=\"sow-carousel-item\" tabindex=\"-1\" style=\"float: left;\">\n\t\t<div class=\"sow-carousel-thumbnail\">\n\t\t\t\t\t\t\t<a\n\t\t\t\t\thref=\"https:\/\/www.busclassic.org\/oc\/veiculs\/pegaso-6035-a-fundacio-tmb\/\"\n\t\t\t\t\t\t\t\t\t\tstyle=\"background-image: url( https:\/\/www.busclassic.org\/wp-content\/uploads\/2018\/04\/POC_5624-272x182.jpg )\"\n\t\t\t\t\taria-labelledby=\"sow-carousel-id-2401\"\n\t\t\t\t\ttabindex=\"-1\"\n\t\t\t\t>\n\t\t\t\t\t<span class=\"overlay\"><\/span>\n\t\t\t\t<\/a>\n\t\t\t\t\t<\/div>\n\t\t<h3 class=\"sow-carousel-item-title\">\n\t\t\t<a\n\t\t\t\thref=\"https:\/\/www.busclassic.org\/oc\/veiculs\/pegaso-6035-a-fundacio-tmb\/\"\n\t\t\t\tid=\"sow-carousel-id-2401\"\n\t\t\t\t\t\t\t\ttabindex=\"-1\"\n\t\t\t>\n\n\t\t\t\t12. Pegaso 6035\/A Fundaci\u00f3 TMB (1968)\t\t\t<\/a>\n\t\t<\/h3>\n\t<\/div>\n\t\t<div class=\"sow-carousel-item\" tabindex=\"-1\" style=\"float: left;\">\n\t\t<div class=\"sow-carousel-thumbnail\">\n\t\t\t\t\t\t\t<a\n\t\t\t\t\thref=\"https:\/\/www.busclassic.org\/oc\/veiculs\/pegaso-5062-unicar\/\"\n\t\t\t\t\t\t\t\t\t\tstyle=\"background-image: url( https:\/\/www.busclassic.org\/wp-content\/uploads\/2018\/04\/POC_5633-272x182.jpg )\"\n\t\t\t\t\taria-labelledby=\"sow-carousel-id-3201\"\n\t\t\t\t\ttabindex=\"-1\"\n\t\t\t\t>\n\t\t\t\t\t<span class=\"overlay\"><\/span>\n\t\t\t\t<\/a>\n\t\t\t\t\t<\/div>\n\t\t<h3 class=\"sow-carousel-item-title\">\n\t\t\t<a\n\t\t\t\thref=\"https:\/\/www.busclassic.org\/oc\/veiculs\/pegaso-5062-unicar\/\"\n\t\t\t\tid=\"sow-carousel-id-3201\"\n\t\t\t\t\t\t\t\ttabindex=\"-1\"\n\t\t\t>\n\n\t\t\t\t14. Pegaso 5062\/A Unicar (1976)\t\t\t<\/a>\n\t\t<\/h3>\n\t<\/div>\n\t\t<div class=\"sow-carousel-item\" tabindex=\"-1\" style=\"float: left;\">\n\t\t<div class=\"sow-carousel-thumbnail\">\n\t\t\t\t\t\t\t<a\n\t\t\t\t\thref=\"https:\/\/www.busclassic.org\/oc\/veiculs\/pegaso-5064-a1\/\"\n\t\t\t\t\t\t\t\t\t\tstyle=\"background-image: url( https:\/\/www.busclassic.org\/wp-content\/uploads\/2018\/04\/POC_5630-272x182.jpg )\"\n\t\t\t\t\taria-labelledby=\"sow-carousel-id-2407\"\n\t\t\t\t\ttabindex=\"-1\"\n\t\t\t\t>\n\t\t\t\t\t<span class=\"overlay\"><\/span>\n\t\t\t\t<\/a>\n\t\t\t\t\t<\/div>\n\t\t<h3 class=\"sow-carousel-item-title\">\n\t\t\t<a\n\t\t\t\thref=\"https:\/\/www.busclassic.org\/oc\/veiculs\/pegaso-5064-a1\/\"\n\t\t\t\tid=\"sow-carousel-id-2407\"\n\t\t\t\t\t\t\t\ttabindex=\"-1\"\n\t\t\t>\n\n\t\t\t\t15. Pegaso 5064\/A1 (1978)\t\t\t<\/a>\n\t\t<\/h3>\n\t<\/div>\n\t\t<div class=\"sow-carousel-item\" tabindex=\"-1\" style=\"float: left;\">\n\t\t<div class=\"sow-carousel-thumbnail\">\n\t\t\t\t\t\t\t<a\n\t\t\t\t\thref=\"https:\/\/www.busclassic.org\/oc\/veiculs\/man-sd200\/\"\n\t\t\t\t\t\t\t\t\t\tstyle=\"background-image: url( https:\/\/www.busclassic.org\/wp-content\/uploads\/2018\/04\/POC_5643-272x182.jpg )\"\n\t\t\t\t\taria-labelledby=\"sow-carousel-id-2409\"\n\t\t\t\t\ttabindex=\"-1\"\n\t\t\t\t>\n\t\t\t\t\t<span class=\"overlay\"><\/span>\n\t\t\t\t<\/a>\n\t\t\t\t\t<\/div>\n\t\t<h3 class=\"sow-carousel-item-title\">\n\t\t\t<a\n\t\t\t\thref=\"https:\/\/www.busclassic.org\/oc\/veiculs\/man-sd200\/\"\n\t\t\t\tid=\"sow-carousel-id-2409\"\n\t\t\t\t\t\t\t\ttabindex=\"-1\"\n\t\t\t>\n\n\t\t\t\t16. MAN SD200 (1981)\t\t\t<\/a>\n\t\t<\/h3>\n\t<\/div>\n\t\t<div class=\"sow-carousel-item\" tabindex=\"-1\" style=\"float: left;\">\n\t\t<div class=\"sow-carousel-thumbnail\">\n\t\t\t\t\t\t\t<a\n\t\t\t\t\thref=\"https:\/\/www.busclassic.org\/oc\/veiculs\/pegaso-6038-noge-tus\/\"\n\t\t\t\t\t\t\t\t\t\tstyle=\"background-image: url( https:\/\/www.busclassic.org\/wp-content\/uploads\/2018\/04\/POC_5688-272x182.jpg )\"\n\t\t\t\t\taria-labelledby=\"sow-carousel-id-2341\"\n\t\t\t\t\ttabindex=\"-1\"\n\t\t\t\t>\n\t\t\t\t\t<span class=\"overlay\"><\/span>\n\t\t\t\t<\/a>\n\t\t\t\t\t<\/div>\n\t\t<h3 class=\"sow-carousel-item-title\">\n\t\t\t<a\n\t\t\t\thref=\"https:\/\/www.busclassic.org\/oc\/veiculs\/pegaso-6038-noge-tus\/\"\n\t\t\t\tid=\"sow-carousel-id-2341\"\n\t\t\t\t\t\t\t\ttabindex=\"-1\"\n\t\t\t>\n\n\t\t\t\t17. Pegaso 6038 Noge &#8211; TUS (1982)\t\t\t<\/a>\n\t\t<\/h3>\n\t<\/div>\n\t\t<div class=\"sow-carousel-item\" tabindex=\"-1\" style=\"float: left;\">\n\t\t<div class=\"sow-carousel-thumbnail\">\n\t\t\t\t\t\t\t<a\n\t\t\t\t\thref=\"https:\/\/www.busclassic.org\/oc\/veiculs\/international-s1800\/\"\n\t\t\t\t\t\t\t\t\t\tstyle=\"background-image: url( https:\/\/www.busclassic.org\/wp-content\/uploads\/2018\/04\/POC_5628-272x182.jpg )\"\n\t\t\t\t\taria-labelledby=\"sow-carousel-id-2405\"\n\t\t\t\t\ttabindex=\"-1\"\n\t\t\t\t>\n\t\t\t\t\t<span class=\"overlay\"><\/span>\n\t\t\t\t<\/a>\n\t\t\t\t\t<\/div>\n\t\t<h3 class=\"sow-carousel-item-title\">\n\t\t\t<a\n\t\t\t\thref=\"https:\/\/www.busclassic.org\/oc\/veiculs\/international-s1800\/\"\n\t\t\t\tid=\"sow-carousel-id-2405\"\n\t\t\t\t\t\t\t\ttabindex=\"-1\"\n\t\t\t>\n\n\t\t\t\t18. International S1800 (1982)\t\t\t<\/a>\n\t\t<\/h3>\n\t<\/div>\n\t\t<div class=\"sow-carousel-item\" tabindex=\"-1\" style=\"float: left;\">\n\t\t<div class=\"sow-carousel-thumbnail\">\n\t\t\t\t\t\t\t<a\n\t\t\t\t\thref=\"https:\/\/www.busclassic.org\/oc\/veiculs\/pegaso-6038-noge-fundacio-tmb\/\"\n\t\t\t\t\t\t\t\t\t\tstyle=\"background-image: url( https:\/\/www.busclassic.org\/wp-content\/uploads\/2018\/04\/POC_5817-272x182.jpg )\"\n\t\t\t\t\taria-labelledby=\"sow-carousel-id-2411\"\n\t\t\t\t\ttabindex=\"-1\"\n\t\t\t\t>\n\t\t\t\t\t<span class=\"overlay\"><\/span>\n\t\t\t\t<\/a>\n\t\t\t\t\t<\/div>\n\t\t<h3 class=\"sow-carousel-item-title\">\n\t\t\t<a\n\t\t\t\thref=\"https:\/\/www.busclassic.org\/oc\/veiculs\/pegaso-6038-noge-fundacio-tmb\/\"\n\t\t\t\tid=\"sow-carousel-id-2411\"\n\t\t\t\t\t\t\t\ttabindex=\"-1\"\n\t\t\t>\n\n\t\t\t\t19. Pegaso 6038 Noge &#8211; Fundaci\u00f3 TMB (1983)\t\t\t<\/a>\n\t\t<\/h3>\n\t<\/div>\n\t\t<div class=\"sow-carousel-item\" tabindex=\"-1\" style=\"float: left;\">\n\t\t<div class=\"sow-carousel-thumbnail\">\n\t\t\t\t\t\t\t<a\n\t\t\t\t\thref=\"https:\/\/www.busclassic.org\/oc\/veiculs\/pegaso-5024-castrosua-cs30\/\"\n\t\t\t\t\t\t\t\t\t\tstyle=\"background-image: url( https:\/\/www.busclassic.org\/wp-content\/uploads\/2018\/04\/POC_5699-272x182.jpg )\"\n\t\t\t\t\taria-labelledby=\"sow-carousel-id-2414\"\n\t\t\t\t\ttabindex=\"-1\"\n\t\t\t\t>\n\t\t\t\t\t<span class=\"overlay\"><\/span>\n\t\t\t\t<\/a>\n\t\t\t\t\t<\/div>\n\t\t<h3 class=\"sow-carousel-item-title\">\n\t\t\t<a\n\t\t\t\thref=\"https:\/\/www.busclassic.org\/oc\/veiculs\/pegaso-5024-castrosua-cs30\/\"\n\t\t\t\tid=\"sow-carousel-id-2414\"\n\t\t\t\t\t\t\t\ttabindex=\"-1\"\n\t\t\t>\n\n\t\t\t\t20. Pegaso 5024 Castrosua CS30 (1985)\t\t\t<\/a>\n\t\t<\/h3>\n\t<\/div>\n\t\t<div class=\"sow-carousel-item\" tabindex=\"-1\" style=\"float: left;\">\n\t\t<div class=\"sow-carousel-thumbnail\">\n\t\t\t\t\t\t\t<a\n\t\t\t\t\thref=\"https:\/\/www.busclassic.org\/oc\/veiculs\/pegaso-6038-jose-burgos\/\"\n\t\t\t\t\t\t\t\t\t\tstyle=\"background-image: url( https:\/\/www.busclassic.org\/wp-content\/uploads\/2018\/04\/POC_5819-272x182.jpg )\"\n\t\t\t\t\taria-labelledby=\"sow-carousel-id-2304\"\n\t\t\t\t\ttabindex=\"-1\"\n\t\t\t\t>\n\t\t\t\t\t<span class=\"overlay\"><\/span>\n\t\t\t\t<\/a>\n\t\t\t\t\t<\/div>\n\t\t<h3 class=\"sow-carousel-item-title\">\n\t\t\t<a\n\t\t\t\thref=\"https:\/\/www.busclassic.org\/oc\/veiculs\/pegaso-6038-jose-burgos\/\"\n\t\t\t\tid=\"sow-carousel-id-2304\"\n\t\t\t\t\t\t\t\ttabindex=\"-1\"\n\t\t\t>\n\n\t\t\t\t21. Pegaso 6038 de Jos\u00e9 Burgos (1985)\t\t\t<\/a>\n\t\t<\/h3>\n\t<\/div>\n\t\t<div class=\"sow-carousel-item\" tabindex=\"-1\" style=\"float: left;\">\n\t\t<div class=\"sow-carousel-thumbnail\">\n\t\t\t\t\t\t\t<a\n\t\t\t\t\thref=\"https:\/\/www.busclassic.org\/oc\/veiculs\/pegaso-6420-enasa-i-proto\/\"\n\t\t\t\t\t\t\t\t\t\tstyle=\"background-image: url( https:\/\/www.busclassic.org\/wp-content\/uploads\/2018\/04\/POC_5704-272x182.jpg )\"\n\t\t\t\t\taria-labelledby=\"sow-carousel-id-2312\"\n\t\t\t\t\ttabindex=\"-1\"\n\t\t\t\t>\n\t\t\t\t\t<span class=\"overlay\"><\/span>\n\t\t\t\t<\/a>\n\t\t\t\t\t<\/div>\n\t\t<h3 class=\"sow-carousel-item-title\">\n\t\t\t<a\n\t\t\t\thref=\"https:\/\/www.busclassic.org\/oc\/veiculs\/pegaso-6420-enasa-i-proto\/\"\n\t\t\t\tid=\"sow-carousel-id-2312\"\n\t\t\t\t\t\t\t\ttabindex=\"-1\"\n\t\t\t>\n\n\t\t\t\t22. Pegaso 6420 Enasa I \u201cProto\u201d (1987)\t\t\t<\/a>\n\t\t<\/h3>\n\t<\/div>\n\t\t<div class=\"sow-carousel-item\" tabindex=\"-1\" style=\"float: left;\">\n\t\t<div class=\"sow-carousel-thumbnail\">\n\t\t\t\t\t\t\t<a\n\t\t\t\t\thref=\"https:\/\/www.busclassic.org\/oc\/veiculs\/pegaso-6420-fundacio-tmb\/\"\n\t\t\t\t\t\t\t\t\t\tstyle=\"background-image: url( https:\/\/www.busclassic.org\/wp-content\/uploads\/2018\/04\/POC_5826-272x182.jpg )\"\n\t\t\t\t\taria-labelledby=\"sow-carousel-id-2416\"\n\t\t\t\t\ttabindex=\"-1\"\n\t\t\t\t>\n\t\t\t\t\t<span class=\"overlay\"><\/span>\n\t\t\t\t<\/a>\n\t\t\t\t\t<\/div>\n\t\t<h3 class=\"sow-carousel-item-title\">\n\t\t\t<a\n\t\t\t\thref=\"https:\/\/www.busclassic.org\/oc\/veiculs\/pegaso-6420-fundacio-tmb\/\"\n\t\t\t\tid=\"sow-carousel-id-2416\"\n\t\t\t\t\t\t\t\ttabindex=\"-1\"\n\t\t\t>\n\n\t\t\t\t23. Pegaso 6420 Fundaci\u00f3 TMB (1989)\t\t\t<\/a>\n\t\t<\/h3>\n\t<\/div>\n\t\t<div class=\"sow-carousel-item\" tabindex=\"-1\" style=\"float: left;\">\n\t\t<div class=\"sow-carousel-thumbnail\">\n\t\t\t\t\t\t\t<a\n\t\t\t\t\thref=\"https:\/\/www.busclassic.org\/oc\/veiculs\/van-hool-a508\/\"\n\t\t\t\t\t\t\t\t\t\tstyle=\"background-image: url( https:\/\/www.busclassic.org\/wp-content\/uploads\/2020\/04\/VanHool-A308-155-272x182.jpg )\"\n\t\t\t\t\taria-labelledby=\"sow-carousel-id-2308\"\n\t\t\t\t\ttabindex=\"-1\"\n\t\t\t\t>\n\t\t\t\t\t<span class=\"overlay\"><\/span>\n\t\t\t\t<\/a>\n\t\t\t\t\t<\/div>\n\t\t<h3 class=\"sow-carousel-item-title\">\n\t\t\t<a\n\t\t\t\thref=\"https:\/\/www.busclassic.org\/oc\/veiculs\/van-hool-a508\/\"\n\t\t\t\tid=\"sow-carousel-id-2308\"\n\t\t\t\t\t\t\t\ttabindex=\"-1\"\n\t\t\t>\n\n\t\t\t\t24. Van Hool A508\/155\t\t\t<\/a>\n\t\t<\/h3>\n\t<\/div>\n\t\t<div class=\"sow-carousel-item\" tabindex=\"-1\" style=\"float: left;\">\n\t\t<div class=\"sow-carousel-thumbnail\">\n\t\t\t\t\t\t\t<a\n\t\t\t\t\thref=\"https:\/\/www.busclassic.org\/oc\/veiculs\/renault-ps160-09-unicar\/\"\n\t\t\t\t\t\t\t\t\t\tstyle=\"background-image: url( https:\/\/www.busclassic.org\/wp-content\/uploads\/2020\/04\/Renault-PS160-Unicar-272x182.jpg )\"\n\t\t\t\t\taria-labelledby=\"sow-carousel-id-2324\"\n\t\t\t\t\ttabindex=\"-1\"\n\t\t\t\t>\n\t\t\t\t\t<span class=\"overlay\"><\/span>\n\t\t\t\t<\/a>\n\t\t\t\t\t<\/div>\n\t\t<h3 class=\"sow-carousel-item-title\">\n\t\t\t<a\n\t\t\t\thref=\"https:\/\/www.busclassic.org\/oc\/veiculs\/renault-ps160-09-unicar\/\"\n\t\t\t\tid=\"sow-carousel-id-2324\"\n\t\t\t\t\t\t\t\ttabindex=\"-1\"\n\t\t\t>\n\n\t\t\t\t25. Renault PS 160.09 Unicar\t\t\t<\/a>\n\t\t<\/h3>\n\t<\/div>\n\t\t<div class=\"sow-carousel-item\" tabindex=\"-1\" style=\"float: left;\">\n\t\t<div class=\"sow-carousel-thumbnail\">\n\t\t\t\t\t\t\t<a\n\t\t\t\t\thref=\"https:\/\/www.busclassic.org\/oc\/veiculs\/pegaso-5226-obradors\/\"\n\t\t\t\t\t\t\t\t\t\tstyle=\"background-image: url( https:\/\/www.busclassic.org\/wp-content\/uploads\/2018\/04\/POC_5770-272x182.jpg )\"\n\t\t\t\t\taria-labelledby=\"sow-carousel-id-2292\"\n\t\t\t\t\ttabindex=\"-1\"\n\t\t\t\t>\n\t\t\t\t\t<span class=\"overlay\"><\/span>\n\t\t\t\t<\/a>\n\t\t\t\t\t<\/div>\n\t\t<h3 class=\"sow-carousel-item-title\">\n\t\t\t<a\n\t\t\t\thref=\"https:\/\/www.busclassic.org\/oc\/veiculs\/pegaso-5226-obradors\/\"\n\t\t\t\tid=\"sow-carousel-id-2292\"\n\t\t\t\t\t\t\t\ttabindex=\"-1\"\n\t\t\t>\n\n\t\t\t\t26. Pegaso 5226 Obradors (1992)\t\t\t<\/a>\n\t\t<\/h3>\n\t<\/div>\n\t\t<div class=\"sow-carousel-item\" tabindex=\"-1\" style=\"float: left;\">\n\t\t<div class=\"sow-carousel-thumbnail\">\n\t\t\t\t\t\t\t<a\n\t\t\t\t\thref=\"https:\/\/www.busclassic.org\/oc\/veiculs\/man-nl202-sercar-fundacio-tmb\/\"\n\t\t\t\t\t\t\t\t\t\tstyle=\"background-image: url( https:\/\/www.busclassic.org\/wp-content\/uploads\/2018\/04\/POC_5714-272x182.jpg )\"\n\t\t\t\t\taria-labelledby=\"sow-carousel-id-2426\"\n\t\t\t\t\ttabindex=\"-1\"\n\t\t\t\t>\n\t\t\t\t\t<span class=\"overlay\"><\/span>\n\t\t\t\t<\/a>\n\t\t\t\t\t<\/div>\n\t\t<h3 class=\"sow-carousel-item-title\">\n\t\t\t<a\n\t\t\t\thref=\"https:\/\/www.busclassic.org\/oc\/veiculs\/man-nl202-sercar-fundacio-tmb\/\"\n\t\t\t\tid=\"sow-carousel-id-2426\"\n\t\t\t\t\t\t\t\ttabindex=\"-1\"\n\t\t\t>\n\n\t\t\t\t27. MAN NL202 Sercar Fundaci\u00f3 TMB (1992)\t\t\t<\/a>\n\t\t<\/h3>\n\t<\/div>\n\t\t<div class=\"sow-carousel-item\" tabindex=\"-1\" style=\"float: left;\">\n\t\t<div class=\"sow-carousel-thumbnail\">\n\t\t\t\t\t\t\t<a\n\t\t\t\t\thref=\"https:\/\/www.busclassic.org\/oc\/veiculs\/renault-pr-100-2-unicar\/\"\n\t\t\t\t\t\t\t\t\t\tstyle=\"background-image: url( https:\/\/www.busclassic.org\/wp-content\/uploads\/2022\/06\/DSC_3537-272x182.jpg )\"\n\t\t\t\t\taria-labelledby=\"sow-carousel-id-2326\"\n\t\t\t\t\ttabindex=\"-1\"\n\t\t\t\t>\n\t\t\t\t\t<span class=\"overlay\"><\/span>\n\t\t\t\t<\/a>\n\t\t\t\t\t<\/div>\n\t\t<h3 class=\"sow-carousel-item-title\">\n\t\t\t<a\n\t\t\t\thref=\"https:\/\/www.busclassic.org\/oc\/veiculs\/renault-pr-100-2-unicar\/\"\n\t\t\t\tid=\"sow-carousel-id-2326\"\n\t\t\t\t\t\t\t\ttabindex=\"-1\"\n\t\t\t>\n\n\t\t\t\t28. Renault PR 100.2 Unicar\t\t\t<\/a>\n\t\t<\/h3>\n\t<\/div>\n\t\t<div class=\"sow-carousel-item\" tabindex=\"-1\" style=\"float: left;\">\n\t\t<div class=\"sow-carousel-thumbnail\">\n\t\t\t\t\t\t\t<a\n\t\t\t\t\thref=\"https:\/\/www.busclassic.org\/oc\/veiculs\/mercedes-benz-o405n2-arca\/\"\n\t\t\t\t\t\t\t\t\t\tstyle=\"background-image: url( https:\/\/www.busclassic.org\/wp-content\/uploads\/2025\/06\/R_IMG_9358-272x182.jpg )\"\n\t\t\t\t\taria-labelledby=\"sow-carousel-id-5099\"\n\t\t\t\t\ttabindex=\"-1\"\n\t\t\t\t>\n\t\t\t\t\t<span class=\"overlay\"><\/span>\n\t\t\t\t<\/a>\n\t\t\t\t\t<\/div>\n\t\t<h3 class=\"sow-carousel-item-title\">\n\t\t\t<a\n\t\t\t\thref=\"https:\/\/www.busclassic.org\/oc\/veiculs\/mercedes-benz-o405n2-arca\/\"\n\t\t\t\tid=\"sow-carousel-id-5099\"\n\t\t\t\t\t\t\t\ttabindex=\"-1\"\n\t\t\t>\n\n\t\t\t\t29. Mercedes-Benz O 405 N2 ARCA (1998)\t\t\t<\/a>\n\t\t<\/h3>\n\t<\/div>\n\t\t<div class=\"sow-carousel-item\" tabindex=\"-1\" style=\"float: left;\">\n\t\t<div class=\"sow-carousel-thumbnail\">\n\t\t\t\t\t\t\t<a\n\t\t\t\t\thref=\"https:\/\/www.busclassic.org\/oc\/veiculs\/mercedes-benz-412d-sprinter\/\"\n\t\t\t\t\t\t\t\t\t\tstyle=\"background-image: url( https:\/\/www.busclassic.org\/wp-content\/uploads\/2022\/06\/tmb240602_PH_090-272x182.jpg )\"\n\t\t\t\t\taria-labelledby=\"sow-carousel-id-2430\"\n\t\t\t\t\ttabindex=\"-1\"\n\t\t\t\t>\n\t\t\t\t\t<span class=\"overlay\"><\/span>\n\t\t\t\t<\/a>\n\t\t\t\t\t<\/div>\n\t\t<h3 class=\"sow-carousel-item-title\">\n\t\t\t<a\n\t\t\t\thref=\"https:\/\/www.busclassic.org\/oc\/veiculs\/mercedes-benz-412d-sprinter\/\"\n\t\t\t\tid=\"sow-carousel-id-2430\"\n\t\t\t\t\t\t\t\ttabindex=\"-1\"\n\t\t\t>\n\n\t\t\t\t30. Mercedes-Benz 412D Sprinter (1998)\t\t\t<\/a>\n\t\t<\/h3>\n\t<\/div>\n\t\t<div class=\"sow-carousel-item\" tabindex=\"-1\" style=\"float: left;\">\n\t\t<div class=\"sow-carousel-thumbnail\">\n\t\t\t\t\t\t\t<a\n\t\t\t\t\thref=\"https:\/\/www.busclassic.org\/oc\/veiculs\/man-plataforma\/\"\n\t\t\t\t\t\t\t\t\t\tstyle=\"background-image: url( https:\/\/www.busclassic.org\/wp-content\/uploads\/2024\/05\/41630801192_7c58fd8d65_k-272x182.jpg )\"\n\t\t\t\t\taria-labelledby=\"sow-carousel-id-4480\"\n\t\t\t\t\ttabindex=\"-1\"\n\t\t\t\t>\n\t\t\t\t\t<span class=\"overlay\"><\/span>\n\t\t\t\t<\/a>\n\t\t\t\t\t<\/div>\n\t\t<h3 class=\"sow-carousel-item-title\">\n\t\t\t<a\n\t\t\t\thref=\"https:\/\/www.busclassic.org\/oc\/veiculs\/man-plataforma\/\"\n\t\t\t\tid=\"sow-carousel-id-4480\"\n\t\t\t\t\t\t\t\ttabindex=\"-1\"\n\t\t\t>\n\n\t\t\t\tA01. MAN Cami\u00f3 Plataforma (2006)\t\t\t<\/a>\n\t\t<\/h3>\n\t<\/div>\n\t\t\t<\/div>\n\t\t\t<\/div>\n\n\t<\/div>\n\t\t<input type=\"hidden\" name=\"instance_hash\" value=\"b512645a\"\/>\n\t<\/div>\n<\/div>\n\n\n<div style=\"height:40px\" aria-hidden=\"true\" class=\"wp-block-spacer\"><\/div>\n\n\n\n<div class=\"wp-block-columns are-vertically-aligned-center is-layout-flex wp-container-core-columns-is-layout-28f84493 wp-block-columns-is-layout-flex\">\n<div class=\"wp-block-column is-vertically-aligned-center is-layout-flow wp-block-column-is-layout-flow\">\n<a href=\"https:\/\/www.busclassic.org\/oc\/llistat-veiculs\/\" rel=\"noopener\"><blockquote class=\"wp-block-quote has-text-align-center small-bq\"><p><strong>Participants 2025<\/strong><\/p><cite>Veir es participants d\u2019aguesta edicion<\/cite><\/blockquote><\/a>\n<\/div>\n\n\n\n<div class=\"wp-block-column is-vertically-aligned-center is-layout-flow wp-block-column-is-layout-flow\">\n<a href=\"\/wp-content\/uploads\/2025\/06\/EXPO_2025.pdf\" rel=\"noopener\" target=\"_blank\"><blockquote class=\"wp-block-quote has-text-align-center small-bq\"><p><strong>Lista en PDF<\/strong><\/p><cite>Descargatz-vos era lista d\u2019aguesta edicion<\/cite><\/blockquote><\/a>\n<\/div>\n<\/div>\n\n\n\n<div class=\"wp-block-group has-global-padding is-layout-constrained wp-block-group-is-layout-constrained\">\n<p class=\"has-text-align-center\">Qu\u2019as un autobus o un autocar classic e v\u00f2les participar ena Exposicion? Clicatz en aguest boton ent\u00e0 preinscriuer-vos de man\u00e8ra gratu\u00efta!<\/p>\n\n\n\n<div class=\"wp-block-buttons is-content-justification-center is-layout-flex wp-container-core-buttons-is-layout-a89b3969 wp-block-buttons-is-layout-flex\">\n<div class=\"wp-block-button is-style-fill\"><a class=\"wp-block-button__link has-text-color has-background has-link-color has-medium-font-size has-custom-font-size wp-element-button\" href=\"https:\/\/www.busclassic.org\/oc\/inscripcio-i-reglament\/\" style=\"color:#222222;background-color:#fdd56a\">Preinscripcion gratu\u00efta<\/a><\/div>\n<\/div>\n<\/div>\n<\/div>\n\n\n\n<div class=\"wp-block-group alignwide has-global-padding is-layout-constrained wp-container-core-group-is-layout-db9edeb8 wp-block-group-is-layout-constrained\">\n<h2 class=\"wp-block-heading\">Eth programa<\/h2>\n\n\n\n<h3 class=\"wp-block-heading\">Dissabte 21 de junh de 2025<\/h3>\n\n\n\n<div class=\"wp-block-columns alignwide are-vertically-aligned-top is-layout-flex wp-container-core-columns-is-layout-28f84493 wp-block-columns-is-layout-flex\">\n<div class=\"wp-block-column is-vertically-aligned-top is-layout-flow wp-block-column-is-layout-flow\" style=\"flex-basis:33.33%\">\n<p><strong>16:00<\/strong><br>Dubertura dera exposicion d\u2019autobusos classics ena avenguda Maria Cristina de Barcelona.<\/p>\n\n\n\n<figure class=\"wp-block-image size-large\"><img loading=\"lazy\" decoding=\"async\" width=\"1024\" height=\"684\" src=\"https:\/\/www.busclassic.org\/wp-content\/uploads\/2022\/04\/DSC_3240-1024x684.jpeg\" alt=\"\" class=\"wp-image-2570\" srcset=\"\" sizes=\"auto, (max-width: 1024px) 100vw, 1024px\" data-srcset=\"\" \/><\/figure>\n\n\n\n<p><strong>21:30<\/strong><br>Barrament des p\u00f2rtes.<\/p>\n<\/div>\n\n\n\n<div class=\"wp-block-column is-vertically-aligned-top is-layout-flow wp-block-column-is-layout-flow\" style=\"flex-basis:66.66%\">\n<p class=\"has-text-align-center\"><strong>Activitats gratu\u00eftes ent\u00e0 toti es publics<\/strong><\/p>\n\n\n\n<p>Pendent era exposicion de dissabte, poderatz trobar activitats gratu\u00eftes ent\u00e0 toti es publics laguens dera exposicion.<\/p>\n\n\n<div\n\t\t\t\n\t\t\tclass=\"so-widget-sow-post-carousel so-widget-sow-post-carousel-base-dd941ceb6ecd\"\n\t\t\t\n\t\t>\t<div\n\t\tclass=\"sow-post-carousel-wrapper sow-post-carousel-theme-base\"\n\t\tstyle=\"overflow: hidden; max-width: 100%; min-height: 182px\"\n\t>\n\t\t<div class=\"sow-carousel-title\">\n\t\t\t<div class=\"sow-carousel-navigation\">\n\t\t\t\t\t\t<a href=\"#\" class=\"sow-carousel-next\" title=\"Next\" aria-label=\"Next Posts\" role=\"button\"><\/a>\n\t\t\t\t\t\t<a href=\"#\" class=\"sow-carousel-previous\" title=\"Previous\" aria-label=\"Previous Posts\" role=\"button\"><\/a>\n\t\t\t\t\t<\/div>\n\t<\/div>\n\n<div class=\"sow-carousel-container\">\n\t\t<div class=\"sow-carousel-wrapper\"\n\t\tdata-dir=\"ltr\"\n\t\tstyle=\"opacity: 0;\"\n\t\tdata-widget=\"post\" data-fetching=\"false\" data-page=\"1\" data-ajax-url=\"https:\/\/www.busclassic.org\/wp-admin\/admin-ajax.php?_widgets_nonce=9778ecf10e\" data-item_count=\"13\" data-carousel_settings=\"{&quot;loop&quot;:true,&quot;animation&quot;:&quot;ease&quot;,&quot;animation_speed&quot;:800,&quot;autoplay&quot;:&quot;on&quot;,&quot;pauseOnHover&quot;:true,&quot;autoplaySpeed&quot;:2500,&quot;item_overflow&quot;:true,&quot;autoplay_continuous_scroll&quot;:false}\" data-responsive=\"{&quot;desktop_slides_to_scroll&quot;:1,&quot;tablet_landscape_breakpoint&quot;:1366,&quot;tablet_landscape_slides_to_scroll&quot;:2,&quot;tablet_portrait_breakpoint&quot;:1025,&quot;tablet_portrait_slides_to_scroll&quot;:2,&quot;mobile_breakpoint&quot;:480,&quot;mobile_slides_to_scroll&quot;:1}\" data-variable_width=\"true\" \t>\n\t\t<div\n\t\t\tclass=\"sow-carousel-items\"\n\t\t\t\t\t>\n\t\t\t\t<div class=\"sow-carousel-item\" tabindex=\"-1\" style=\"float: left;\">\n\t\t<div class=\"sow-carousel-thumbnail\">\n\t\t\t\t\t\t\t<a\n\t\t\t\t\thref=\"https:\/\/www.busclassic.org\/oc\/activitats\/apec\/\"\n\t\t\t\t\t\t\t\t\t\tstyle=\"background-image: url( https:\/\/www.busclassic.org\/wp-content\/uploads\/2022\/06\/APEC-200x182.png )\"\n\t\t\t\t\taria-labelledby=\"sow-carousel-id-5463\"\n\t\t\t\t\ttabindex=\"-1\"\n\t\t\t\t>\n\t\t\t\t\t<span class=\"overlay\"><\/span>\n\t\t\t\t<\/a>\n\t\t\t\t\t<\/div>\n\t\t<h3 class=\"sow-carousel-item-title\">\n\t\t\t<a\n\t\t\t\thref=\"https:\/\/www.busclassic.org\/oc\/activitats\/apec\/\"\n\t\t\t\tid=\"sow-carousel-id-5463\"\n\t\t\t\t\t\t\t\ttabindex=\"-1\"\n\t\t\t>\n\n\t\t\t\tAPEC \u2013 Centre de Formaci\u00f3 de Conductors\t\t\t<\/a>\n\t\t<\/h3>\n\t<\/div>\n\t\t<div class=\"sow-carousel-item\" tabindex=\"-1\" style=\"float: left;\">\n\t\t<div class=\"sow-carousel-thumbnail\">\n\t\t\t\t\t\t\t<a\n\t\t\t\t\thref=\"https:\/\/www.busclassic.org\/oc\/activitats\/classics-moventis\/\"\n\t\t\t\t\t\t\t\t\t\tstyle=\"background-image: url( https:\/\/www.busclassic.org\/wp-content\/uploads\/2025\/06\/Screenshot_20250621-010031-272x182.png )\"\n\t\t\t\t\taria-labelledby=\"sow-carousel-id-5472\"\n\t\t\t\t\ttabindex=\"-1\"\n\t\t\t\t>\n\t\t\t\t\t<span class=\"overlay\"><\/span>\n\t\t\t\t<\/a>\n\t\t\t\t\t<\/div>\n\t\t<h3 class=\"sow-carousel-item-title\">\n\t\t\t<a\n\t\t\t\thref=\"https:\/\/www.busclassic.org\/oc\/activitats\/classics-moventis\/\"\n\t\t\t\tid=\"sow-carousel-id-5472\"\n\t\t\t\t\t\t\t\ttabindex=\"-1\"\n\t\t\t>\n\n\t\t\t\tCl\u00e0ssics amb Moventis\t\t\t<\/a>\n\t\t<\/h3>\n\t<\/div>\n\t\t<div class=\"sow-carousel-item\" tabindex=\"-1\" style=\"float: left;\">\n\t\t<div class=\"sow-carousel-thumbnail\">\n\t\t\t\t\t\t\t<a\n\t\t\t\t\thref=\"https:\/\/www.busclassic.org\/oc\/activitats\/conductors-solidaris\/\"\n\t\t\t\t\t\t\t\t\t\tstyle=\"background-image: url( https:\/\/www.busclassic.org\/wp-content\/uploads\/2024\/08\/11-ralli-internacional-dautobusos-clssics_53903611920_o-272x182.jpg )\"\n\t\t\t\t\taria-labelledby=\"sow-carousel-id-4921\"\n\t\t\t\t\ttabindex=\"-1\"\n\t\t\t\t>\n\t\t\t\t\t<span class=\"overlay\"><\/span>\n\t\t\t\t<\/a>\n\t\t\t\t\t<\/div>\n\t\t<h3 class=\"sow-carousel-item-title\">\n\t\t\t<a\n\t\t\t\thref=\"https:\/\/www.busclassic.org\/oc\/activitats\/conductors-solidaris\/\"\n\t\t\t\tid=\"sow-carousel-id-4921\"\n\t\t\t\t\t\t\t\ttabindex=\"-1\"\n\t\t\t>\n\n\t\t\t\tConductors Solidaris de Catalunya\t\t\t<\/a>\n\t\t<\/h3>\n\t<\/div>\n\t\t<div class=\"sow-carousel-item\" tabindex=\"-1\" style=\"float: left;\">\n\t\t<div class=\"sow-carousel-thumbnail\">\n\t\t\t\t\t\t\t<a\n\t\t\t\t\thref=\"https:\/\/www.busclassic.org\/oc\/activitats\/viatges-sagui\/\"\n\t\t\t\t\t\t\t\t\t\tstyle=\"background-image: url( https:\/\/www.busclassic.org\/wp-content\/uploads\/2025\/06\/Foto-Sagui-Web-Rally-272x182.jpg )\"\n\t\t\t\t\taria-labelledby=\"sow-carousel-id-4993\"\n\t\t\t\t\ttabindex=\"-1\"\n\t\t\t\t>\n\t\t\t\t\t<span class=\"overlay\"><\/span>\n\t\t\t\t<\/a>\n\t\t\t\t\t<\/div>\n\t\t<h3 class=\"sow-carousel-item-title\">\n\t\t\t<a\n\t\t\t\thref=\"https:\/\/www.busclassic.org\/oc\/activitats\/viatges-sagui\/\"\n\t\t\t\tid=\"sow-carousel-id-4993\"\n\t\t\t\t\t\t\t\ttabindex=\"-1\"\n\t\t\t>\n\n\t\t\t\tEs viatges dera Sagui\t\t\t<\/a>\n\t\t<\/h3>\n\t<\/div>\n\t\t<div class=\"sow-carousel-item\" tabindex=\"-1\" style=\"float: left;\">\n\t\t<div class=\"sow-carousel-thumbnail\">\n\t\t\t\t\t\t\t<a\n\t\t\t\t\thref=\"https:\/\/www.busclassic.org\/oc\/activitats\/viatge-sagales\/\"\n\t\t\t\t\t\t\t\t\t\tstyle=\"background-image: url( https:\/\/www.busclassic.org\/wp-content\/uploads\/2025\/06\/tmb240601_PH_066-272x182.jpg )\"\n\t\t\t\t\taria-labelledby=\"sow-carousel-id-4953\"\n\t\t\t\t\ttabindex=\"-1\"\n\t\t\t\t>\n\t\t\t\t\t<span class=\"overlay\"><\/span>\n\t\t\t\t<\/a>\n\t\t\t\t\t<\/div>\n\t\t<h3 class=\"sow-carousel-item-title\">\n\t\t\t<a\n\t\t\t\thref=\"https:\/\/www.busclassic.org\/oc\/activitats\/viatge-sagales\/\"\n\t\t\t\tid=\"sow-carousel-id-4953\"\n\t\t\t\t\t\t\t\ttabindex=\"-1\"\n\t\t\t>\n\n\t\t\t\tImagina e cree eth t\u00f2 Viatge damb Sagal\u00e9s\t\t\t<\/a>\n\t\t<\/h3>\n\t<\/div>\n\t\t<div class=\"sow-carousel-item\" tabindex=\"-1\" style=\"float: left;\">\n\t\t<div class=\"sow-carousel-thumbnail\">\n\t\t\t\t\t\t\t<a\n\t\t\t\t\thref=\"https:\/\/www.busclassic.org\/oc\/activitats\/petita-istoria-bus\/\"\n\t\t\t\t\t\t\t\t\t\tstyle=\"background-image: url( https:\/\/www.busclassic.org\/wp-content\/uploads\/2024\/05\/petita-historia-xarxa-bus-llibre-imatge-272x182.jpg )\"\n\t\t\t\t\taria-labelledby=\"sow-carousel-id-4923\"\n\t\t\t\t\ttabindex=\"-1\"\n\t\t\t\t>\n\t\t\t\t\t<span class=\"overlay\"><\/span>\n\t\t\t\t<\/a>\n\t\t\t\t\t<\/div>\n\t\t<h3 class=\"sow-carousel-item-title\">\n\t\t\t<a\n\t\t\t\thref=\"https:\/\/www.busclassic.org\/oc\/activitats\/petita-istoria-bus\/\"\n\t\t\t\tid=\"sow-carousel-id-4923\"\n\t\t\t\t\t\t\t\ttabindex=\"-1\"\n\t\t\t>\n\n\t\t\t\tEra petita ist\u00f2ria der autobus\t\t\t<\/a>\n\t\t<\/h3>\n\t<\/div>\n\t\t<div class=\"sow-carousel-item\" tabindex=\"-1\" style=\"float: left;\">\n\t\t<div class=\"sow-carousel-thumbnail\">\n\t\t\t\t\t\t\t<a\n\t\t\t\t\thref=\"https:\/\/www.busclassic.org\/oc\/activitats\/manualitats\/\"\n\t\t\t\t\t\t\t\t\t\tstyle=\"background-image: url( https:\/\/www.busclassic.org\/wp-content\/uploads\/2019\/06\/48139785637_1d2668df84_k-272x182.jpg )\"\n\t\t\t\t\taria-labelledby=\"sow-carousel-id-4927\"\n\t\t\t\t\ttabindex=\"-1\"\n\t\t\t\t>\n\t\t\t\t\t<span class=\"overlay\"><\/span>\n\t\t\t\t<\/a>\n\t\t\t\t\t<\/div>\n\t\t<h3 class=\"sow-carousel-item-title\">\n\t\t\t<a\n\t\t\t\thref=\"https:\/\/www.busclassic.org\/oc\/activitats\/manualitats\/\"\n\t\t\t\tid=\"sow-carousel-id-4927\"\n\t\t\t\t\t\t\t\ttabindex=\"-1\"\n\t\t\t>\n\n\t\t\t\tManualitats\t\t\t<\/a>\n\t\t<\/h3>\n\t<\/div>\n\t\t<div class=\"sow-carousel-item\" tabindex=\"-1\" style=\"float: left;\">\n\t\t<div class=\"sow-carousel-thumbnail\">\n\t\t\t\t\t\t\t<a\n\t\t\t\t\thref=\"https:\/\/www.busclassic.org\/oc\/activitats\/novetats-sagales\/\"\n\t\t\t\t\t\t\t\t\t\tstyle=\"background-image: url( https:\/\/www.busclassic.org\/wp-content\/uploads\/2019\/05\/28154762197_859aeae8a2_k-272x182.jpg )\"\n\t\t\t\t\taria-labelledby=\"sow-carousel-id-4929\"\n\t\t\t\t\ttabindex=\"-1\"\n\t\t\t\t>\n\t\t\t\t\t<span class=\"overlay\"><\/span>\n\t\t\t\t<\/a>\n\t\t\t\t\t<\/div>\n\t\t<h3 class=\"sow-carousel-item-title\">\n\t\t\t<a\n\t\t\t\thref=\"https:\/\/www.busclassic.org\/oc\/activitats\/novetats-sagales\/\"\n\t\t\t\tid=\"sow-carousel-id-4929\"\n\t\t\t\t\t\t\t\ttabindex=\"-1\"\n\t\t\t>\n\n\t\t\t\tNauetats de Sagal\u00e9s\t\t\t<\/a>\n\t\t<\/h3>\n\t<\/div>\n\t\t<div class=\"sow-carousel-item\" tabindex=\"-1\" style=\"float: left;\">\n\t\t<div class=\"sow-carousel-thumbnail\">\n\t\t\t\t\t\t\t<a\n\t\t\t\t\thref=\"https:\/\/www.busclassic.org\/oc\/activitats\/novetats-tmb\/\"\n\t\t\t\t\t\t\t\t\t\tstyle=\"background-image: url( https:\/\/www.busclassic.org\/wp-content\/uploads\/2025\/06\/tmb240601_PH_061-272x182.jpg )\"\n\t\t\t\t\taria-labelledby=\"sow-carousel-id-4932\"\n\t\t\t\t\ttabindex=\"-1\"\n\t\t\t\t>\n\t\t\t\t\t<span class=\"overlay\"><\/span>\n\t\t\t\t<\/a>\n\t\t\t\t\t<\/div>\n\t\t<h3 class=\"sow-carousel-item-title\">\n\t\t\t<a\n\t\t\t\thref=\"https:\/\/www.busclassic.org\/oc\/activitats\/novetats-tmb\/\"\n\t\t\t\tid=\"sow-carousel-id-4932\"\n\t\t\t\t\t\t\t\ttabindex=\"-1\"\n\t\t\t>\n\n\t\t\t\tNauetats de TMB\t\t\t<\/a>\n\t\t<\/h3>\n\t<\/div>\n\t\t<div class=\"sow-carousel-item\" tabindex=\"-1\" style=\"float: left;\">\n\t\t<div class=\"sow-carousel-thumbnail\">\n\t\t\t\t\t\t\t<a\n\t\t\t\t\thref=\"https:\/\/www.busclassic.org\/oc\/activitats\/pintar-cara\/\"\n\t\t\t\t\t\t\t\t\t\tstyle=\"background-image: url( https:\/\/www.busclassic.org\/wp-content\/uploads\/2025\/06\/exposici-dautobusos-clssics-de-barcelona-2023_53902278187_o-272x182.jpg )\"\n\t\t\t\t\taria-labelledby=\"sow-carousel-id-4942\"\n\t\t\t\t\ttabindex=\"-1\"\n\t\t\t\t>\n\t\t\t\t\t<span class=\"overlay\"><\/span>\n\t\t\t\t<\/a>\n\t\t\t\t\t<\/div>\n\t\t<h3 class=\"sow-carousel-item-title\">\n\t\t\t<a\n\t\t\t\thref=\"https:\/\/www.busclassic.org\/oc\/activitats\/pintar-cara\/\"\n\t\t\t\tid=\"sow-carousel-id-4942\"\n\t\t\t\t\t\t\t\ttabindex=\"-1\"\n\t\t\t>\n\n\t\t\t\tPintada de cara\t\t\t<\/a>\n\t\t<\/h3>\n\t<\/div>\n\t\t\t<\/div>\n\t\t\t<\/div>\n\n\t<\/div>\n\t\t<input type=\"hidden\" name=\"instance_hash\" value=\"213f2250\"\/>\n\t<\/div>\n<\/div>\n\n\n<div style=\"height:40px\" aria-hidden=\"true\" class=\"wp-block-spacer\"><\/div>\n\n\n\n<div class=\"wp-block-buttons alignwide is-content-justification-center is-layout-flex wp-container-core-buttons-is-layout-a89b3969 wp-block-buttons-is-layout-flex\">\n<div class=\"wp-block-button\"><a class=\"wp-block-button__link has-text-color has-background has-link-color wp-element-button\" href=\"https:\/\/www.busclassic.org\/oc\/activitats-gratuites\/\" style=\"color:#222222;background-color:#fdd56a\">Veir es activitats<\/a><\/div>\n<\/div>\n<\/div>\n<\/div>\n\n\n\n<h3 class=\"wp-block-heading\">Dimenge 22 de junh de 2025<\/h3>\n\n\n\n<div class=\"wp-block-columns alignwide is-layout-flex wp-container-core-columns-is-layout-28f84493 wp-block-columns-is-layout-flex\">\n<div class=\"wp-block-column is-layout-flow wp-block-column-is-layout-flow\" style=\"flex-basis:100%\">\n<p><strong>09:00<\/strong><br>Exposicion estatica de ve\u00efculs ena avenguda Reina Maria Cristina de Barcelona.<\/p>\n\n\n\n<p><strong>10:30<\/strong><br>Es ve\u00efculs arrancar\u00e0n es s\u00f2ns motors e se preparar\u00e0n entath ralit.<\/p>\n\n\n\n<div class=\"wp-block-columns is-layout-flex wp-container-core-columns-is-layout-28f84493 wp-block-columns-is-layout-flex\">\n<div class=\"wp-block-column is-layout-flow wp-block-column-is-layout-flow\">\n<iframe loading=\"lazy\" src=\"https:\/\/www.google.com\/maps\/d\/u\/0\/embed?mid=14H--579mvgHpU8iHGFN-I3FtcsAysaw&#038;ehbc=2E312F&#038;noprof=1\" width=\"640\" height=\"480\"><\/iframe>\n<\/div>\n\n\n\n<div class=\"wp-block-column is-layout-flow wp-block-column-is-layout-flow\">\n<p><strong>11:00 \u2013&nbsp;Inici del recorregut<\/strong><br>Partida deth Ralit des dera avenguda Reina Maria Cristina (pla\u00e7a Espanya).<\/p>\n\n\n\n<p><strong>11:45<\/strong><br>Passatge pera Pla\u00e7a des Drassanes<\/p>\n<\/div>\n\n\n\n<div class=\"wp-block-column is-layout-flow wp-block-column-is-layout-flow\">\n<p><strong>12:30 \u2013&nbsp;Final del recorregut<\/strong><br>Arribada ara avenguda Reina Maria Cristina (pla\u00e7a Espanya).<\/p>\n\n\n\n<p><strong>Cl\u00f2da dera Exposicion<\/strong><\/p>\n<\/div>\n<\/div>\n<\/div>\n<\/div>\n<\/div>\n\n\n\n<div class=\"wp-block-group alignwide has-global-padding is-layout-constrained wp-container-core-group-is-layout-db9edeb8 wp-block-group-is-layout-constrained\">\n<h3 class=\"wp-block-heading\">Es organizadors<\/h3>\n\n\n\n<div class=\"wp-block-columns is-layout-flex wp-container-core-columns-is-layout-28f84493 wp-block-columns-is-layout-flex\">\n<div class=\"wp-block-column is-vertically-aligned-center is-layout-flow wp-block-column-is-layout-flow\">\n<figure class=\"wp-block-image aligncenter size-full\"><a href=\"https:\/\/www.arca-bus.org\" target=\"_blank\" rel=\"noopener\"><img loading=\"lazy\" decoding=\"async\" width=\"140\" height=\"51\" src=\"https:\/\/www.busclassic.org\/wp-content\/uploads\/2018\/04\/arca.png\" alt=\"\" class=\"wp-image-1028\"\/><\/a><\/figure>\n<\/div>\n\n\n\n<div class=\"wp-block-column is-vertically-aligned-center is-layout-flow wp-block-column-is-layout-flow\">\n<figure class=\"wp-block-image aligncenter size-full\"><a href=\"https:\/\/www.sagales.com\" target=\"_blank\" rel=\"noopener\"><img loading=\"lazy\" decoding=\"async\" width=\"128\" height=\"21\" src=\"https:\/\/www.busclassic.org\/wp-content\/uploads\/2018\/04\/sagales.png\" alt=\"\" class=\"wp-image-1026\"\/><\/a><\/figure>\n<\/div>\n\n\n\n<div class=\"wp-block-column is-vertically-aligned-center is-layout-flow wp-block-column-is-layout-flow\">\n<figure class=\"wp-block-image aligncenter size-full\"><a href=\"https:\/\/fundacio.tmb.cat\" target=\"_blank\" rel=\"noopener\"><img loading=\"lazy\" decoding=\"async\" width=\"130\" height=\"47\" src=\"https:\/\/www.busclassic.org\/wp-content\/uploads\/2025\/06\/logo_fundtmb.png\" alt=\"\" class=\"wp-image-4903\" srcset=\"https:\/\/www.busclassic.org\/wp-content\/uploads\/2025\/06\/logo_fundtmb.png 130w, https:\/\/www.busclassic.org\/wp-content\/uploads\/2025\/06\/logo_fundtmb-18x7.png 18w\" sizes=\"auto, (max-width: 130px) 100vw, 130px\" \/><\/a><\/figure>\n<\/div>\n<\/div>\n\n\n\n<h3 class=\"wp-block-heading\">Es patrocinadors<\/h3>\n\n\n\n<div class=\"wp-block-columns are-vertically-aligned-center is-layout-flex wp-container-core-columns-is-layout-28f84493 wp-block-columns-is-layout-flex\">\n<div class=\"wp-block-column is-vertically-aligned-center is-layout-flow wp-block-column-is-layout-flow\">\n<figure class=\"wp-block-image aligncenter size-full\"><a href=\"https:\/\/iveco.cocentro.com\/\" target=\"_blank\" rel=\"noopener\"><img loading=\"lazy\" decoding=\"async\" width=\"200\" height=\"200\" src=\"https:\/\/www.busclassic.org\/wp-content\/uploads\/2022\/06\/cocentro-1.png\" alt=\"\" class=\"wp-image-3833\" srcset=\"https:\/\/www.busclassic.org\/wp-content\/uploads\/2022\/06\/cocentro-1.png 200w, https:\/\/www.busclassic.org\/wp-content\/uploads\/2022\/06\/cocentro-1-150x150.png 150w\" sizes=\"auto, (max-width: 200px) 100vw, 200px\" \/><\/a><\/figure>\n<\/div>\n\n\n\n<div class=\"wp-block-column is-vertically-aligned-center is-layout-flow wp-block-column-is-layout-flow\">\n<figure class=\"wp-block-image aligncenter size-full\"><a href=\"https:\/\/iveco.cocentro.com\/\" target=\"_blank\" rel=\"noopener\"><img loading=\"lazy\" decoding=\"async\" width=\"200\" height=\"200\" src=\"https:\/\/www.busclassic.org\/wp-content\/uploads\/2022\/06\/ivecobus.png\" alt=\"\" class=\"wp-image-3834\" srcset=\"https:\/\/www.busclassic.org\/wp-content\/uploads\/2022\/06\/ivecobus.png 200w, https:\/\/www.busclassic.org\/wp-content\/uploads\/2022\/06\/ivecobus-150x150.png 150w\" sizes=\"auto, (max-width: 200px) 100vw, 200px\" \/><\/a><\/figure>\n<\/div>\n\n\n\n<div class=\"wp-block-column is-vertically-aligned-center is-layout-flow wp-block-column-is-layout-flow\">\n<figure class=\"wp-block-image aligncenter size-full\"><a href=\"https:\/\/www.apeceducacion.com\/\" target=\"_blank\" rel=\"noopener\"><img loading=\"lazy\" decoding=\"async\" width=\"200\" height=\"200\" src=\"https:\/\/www.busclassic.org\/wp-content\/uploads\/2022\/06\/APEC.png\" alt=\"\" class=\"wp-image-3418\" srcset=\"https:\/\/www.busclassic.org\/wp-content\/uploads\/2022\/06\/APEC.png 200w, https:\/\/www.busclassic.org\/wp-content\/uploads\/2022\/06\/APEC-150x150.png 150w\" sizes=\"auto, (max-width: 200px) 100vw, 200px\" \/><\/a><\/figure>\n<\/div>\n\n\n\n<div class=\"wp-block-column is-vertically-aligned-center is-layout-flow wp-block-column-is-layout-flow\">\n<figure class=\"wp-block-image aligncenter size-medium\"><a href=\"https:\/\/www.mercedes-benz-quadisautolica.es\/\" target=\"_blank\" rel=\"noopener\"><img loading=\"lazy\" decoding=\"async\" width=\"300\" height=\"300\" src=\"https:\/\/www.busclassic.org\/wp-content\/uploads\/2022\/06\/Quadis-Autolica-1_pages-to-jpg-0002-300x300.jpg\" alt=\"\" class=\"wp-image-3835\" srcset=\"https:\/\/www.busclassic.org\/wp-content\/uploads\/2022\/06\/Quadis-Autolica-1_pages-to-jpg-0002-300x300.jpg 300w, https:\/\/www.busclassic.org\/wp-content\/uploads\/2022\/06\/Quadis-Autolica-1_pages-to-jpg-0002-150x150.jpg 150w, https:\/\/www.busclassic.org\/wp-content\/uploads\/2022\/06\/Quadis-Autolica-1_pages-to-jpg-0002-12x12.jpg 12w, https:\/\/www.busclassic.org\/wp-content\/uploads\/2022\/06\/Quadis-Autolica-1_pages-to-jpg-0002-230x230.jpg 230w, https:\/\/www.busclassic.org\/wp-content\/uploads\/2022\/06\/Quadis-Autolica-1_pages-to-jpg-0002-350x350.jpg 350w, https:\/\/www.busclassic.org\/wp-content\/uploads\/2022\/06\/Quadis-Autolica-1_pages-to-jpg-0002-480x481.jpg 480w, https:\/\/www.busclassic.org\/wp-content\/uploads\/2022\/06\/Quadis-Autolica-1_pages-to-jpg-0002.jpg 709w\" sizes=\"auto, (max-width: 300px) 100vw, 300px\" \/><\/a><\/figure>\n<\/div>\n\n\n\n<div class=\"wp-block-column is-vertically-aligned-center is-layout-flow wp-block-column-is-layout-flow\">\n<figure class=\"wp-block-image aligncenter size-full\"><a href=\"https:\/\/ribesalat.com\/\" target=\"_blank\" rel=\"noopener\"><img loading=\"lazy\" decoding=\"async\" width=\"200\" height=\"200\" src=\"https:\/\/www.busclassic.org\/wp-content\/uploads\/2022\/06\/ribesalat-1.png\" alt=\"\" class=\"wp-image-3836\" srcset=\"https:\/\/www.busclassic.org\/wp-content\/uploads\/2022\/06\/ribesalat-1.png 200w, https:\/\/www.busclassic.org\/wp-content\/uploads\/2022\/06\/ribesalat-1-150x150.png 150w\" sizes=\"auto, (max-width: 200px) 100vw, 200px\" \/><\/a><\/figure>\n<\/div>\n<\/div>\n\n\n\n<h3 class=\"wp-block-heading\">Es col\u00b7laboradors<\/h3>\n\n\n\n<div class=\"wp-block-columns are-vertically-aligned-center is-layout-flex wp-container-core-columns-is-layout-28f84493 wp-block-columns-is-layout-flex\">\n<div class=\"wp-block-column is-vertically-aligned-center is-layout-flow wp-block-column-is-layout-flow\">\n<figure class=\"wp-block-image aligncenter size-full\"><img loading=\"lazy\" decoding=\"async\" width=\"200\" height=\"200\" src=\"https:\/\/www.busclassic.org\/wp-content\/uploads\/2024\/05\/rousse-1.png\" alt=\"\" class=\"wp-image-4465\" srcset=\"https:\/\/www.busclassic.org\/wp-content\/uploads\/2024\/05\/rousse-1.png 200w, https:\/\/www.busclassic.org\/wp-content\/uploads\/2024\/05\/rousse-1-150x150.png 150w\" sizes=\"auto, (max-width: 200px) 100vw, 200px\" \/><\/figure>\n<\/div>\n\n\n\n<div class=\"wp-block-column is-vertically-aligned-center is-layout-flow wp-block-column-is-layout-flow\">\n<figure class=\"wp-block-image aligncenter size-medium\"><a href=\"https:\/\/www.jovi.es\/es\/\" target=\"_blank\" rel=\"noopener\"><img loading=\"lazy\" decoding=\"async\" width=\"300\" height=\"300\" src=\"https:\/\/www.busclassic.org\/wp-content\/uploads\/2022\/06\/LOGO-JOVI-RGB-300x300.png\" alt=\"\" class=\"wp-image-3427\" srcset=\"https:\/\/www.busclassic.org\/wp-content\/uploads\/2022\/06\/LOGO-JOVI-RGB-300x300.png 300w, https:\/\/www.busclassic.org\/wp-content\/uploads\/2022\/06\/LOGO-JOVI-RGB-1024x1024.png 1024w, https:\/\/www.busclassic.org\/wp-content\/uploads\/2022\/06\/LOGO-JOVI-RGB-150x150.png 150w, https:\/\/www.busclassic.org\/wp-content\/uploads\/2022\/06\/LOGO-JOVI-RGB-768x768.png 768w, https:\/\/www.busclassic.org\/wp-content\/uploads\/2022\/06\/LOGO-JOVI-RGB-1536x1536.png 1536w, https:\/\/www.busclassic.org\/wp-content\/uploads\/2022\/06\/LOGO-JOVI-RGB-2048x2048.png 2048w, https:\/\/www.busclassic.org\/wp-content\/uploads\/2022\/06\/LOGO-JOVI-RGB-12x12.png 12w, https:\/\/www.busclassic.org\/wp-content\/uploads\/2022\/06\/LOGO-JOVI-RGB-1000x1000.png 1000w, https:\/\/www.busclassic.org\/wp-content\/uploads\/2022\/06\/LOGO-JOVI-RGB-230x230.png 230w, https:\/\/www.busclassic.org\/wp-content\/uploads\/2022\/06\/LOGO-JOVI-RGB-350x350.png 350w, https:\/\/www.busclassic.org\/wp-content\/uploads\/2022\/06\/LOGO-JOVI-RGB-480x480.png 480w\" sizes=\"auto, (max-width: 300px) 100vw, 300px\" \/><\/a><\/figure>\n<\/div>\n\n\n\n<div class=\"wp-block-column is-vertically-aligned-center is-layout-flow wp-block-column-is-layout-flow\">\n<figure class=\"wp-block-image aligncenter size-medium\"><a href=\"https:\/\/valles.eic.cat\/\" target=\"_blank\" rel=\"noopener\"><img loading=\"lazy\" decoding=\"async\" width=\"300\" height=\"154\" src=\"https:\/\/www.busclassic.org\/wp-content\/uploads\/2022\/06\/b73-1-300x154.jpg\" alt=\"\" class=\"wp-image-3424\" srcset=\"https:\/\/www.busclassic.org\/wp-content\/uploads\/2022\/06\/b73-1-300x154.jpg 300w, https:\/\/www.busclassic.org\/wp-content\/uploads\/2022\/06\/b73-1-1024x527.jpg 1024w, https:\/\/www.busclassic.org\/wp-content\/uploads\/2022\/06\/b73-1-768x395.jpg 768w, https:\/\/www.busclassic.org\/wp-content\/uploads\/2022\/06\/b73-1-1536x790.jpg 1536w, https:\/\/www.busclassic.org\/wp-content\/uploads\/2022\/06\/b73-1-2048x1054.jpg 2048w, https:\/\/www.busclassic.org\/wp-content\/uploads\/2022\/06\/b73-1-18x9.jpg 18w, https:\/\/www.busclassic.org\/wp-content\/uploads\/2022\/06\/b73-1-1000x514.jpg 1000w, https:\/\/www.busclassic.org\/wp-content\/uploads\/2022\/06\/b73-1-230x118.jpg 230w, https:\/\/www.busclassic.org\/wp-content\/uploads\/2022\/06\/b73-1-350x180.jpg 350w, https:\/\/www.busclassic.org\/wp-content\/uploads\/2022\/06\/b73-1-480x247.jpg 480w\" sizes=\"auto, (max-width: 300px) 100vw, 300px\" \/><\/a><\/figure>\n<\/div>\n\n\n\n<div class=\"wp-block-column is-vertically-aligned-center is-layout-flow wp-block-column-is-layout-flow\">\n<figure class=\"wp-block-image aligncenter size-full\"><a href=\"https:\/\/www.viladrau.com\/\" target=\"_blank\" rel=\"noopener\"><img loading=\"lazy\" decoding=\"async\" width=\"200\" height=\"200\" src=\"https:\/\/www.busclassic.org\/wp-content\/uploads\/2022\/06\/Viladrau.png\" alt=\"\" class=\"wp-image-3432\" srcset=\"https:\/\/www.busclassic.org\/wp-content\/uploads\/2022\/06\/Viladrau.png 200w, https:\/\/www.busclassic.org\/wp-content\/uploads\/2022\/06\/Viladrau-150x150.png 150w\" sizes=\"auto, (max-width: 200px) 100vw, 200px\" \/><\/a><\/figure>\n<\/div>\n\n\n\n<div class=\"wp-block-column is-vertically-aligned-center is-layout-flow wp-block-column-is-layout-flow\">\n<figure class=\"wp-block-image aligncenter size-full\"><a href=\"https:\/\/lafuente.cat\/\" target=\"_blank\" rel=\"noopener\"><img loading=\"lazy\" decoding=\"async\" width=\"175\" height=\"52\" src=\"https:\/\/www.busclassic.org\/wp-content\/uploads\/2025\/06\/lafuente.png\" alt=\"\" class=\"wp-image-5457\" srcset=\"https:\/\/www.busclassic.org\/wp-content\/uploads\/2025\/06\/lafuente.png 175w, https:\/\/www.busclassic.org\/wp-content\/uploads\/2025\/06\/lafuente-18x5.png 18w\" sizes=\"auto, (max-width: 175px) 100vw, 175px\" \/><\/a><\/figure>\n<\/div>\n<\/div>\n\n\n\n<h3 class=\"wp-block-heading\">Es voluntaris<\/h3>\n\n\n\n<div class=\"wp-block-columns is-layout-flex wp-container-core-columns-is-layout-28f84493 wp-block-columns-is-layout-flex\">\n<div class=\"wp-block-column is-vertically-aligned-center is-layout-flow wp-block-column-is-layout-flow\">\n<figure class=\"wp-block-image aligncenter size-full\"><a href=\"https:\/\/conductorssolidaris.org\/\" target=\"_blank\" rel=\"noopener\"><img loading=\"lazy\" decoding=\"async\" width=\"200\" height=\"200\" src=\"https:\/\/www.busclassic.org\/wp-content\/uploads\/2022\/06\/ConductorsSolidaris.png\" alt=\"\" class=\"wp-image-3423\" style=\"object-fit:cover\" srcset=\"https:\/\/www.busclassic.org\/wp-content\/uploads\/2022\/06\/ConductorsSolidaris.png 200w, https:\/\/www.busclassic.org\/wp-content\/uploads\/2022\/06\/ConductorsSolidaris-150x150.png 150w\" sizes=\"auto, (max-width: 200px) 100vw, 200px\" \/><\/a><\/figure>\n<\/div>\n\n\n\n<div class=\"wp-block-column is-vertically-aligned-center is-layout-flow wp-block-column-is-layout-flow\">\n<figure class=\"wp-block-image aligncenter size-full\"><a href=\"https:\/\/gentmb.tmb.cat\/seccio\/jubilats-bus\" target=\"_blank\" rel=\"noopener\"><img loading=\"lazy\" decoding=\"async\" width=\"200\" height=\"200\" src=\"https:\/\/www.busclassic.org\/wp-content\/uploads\/2022\/06\/JubilatsBus.png\" alt=\"\" class=\"wp-image-3428\" srcset=\"https:\/\/www.busclassic.org\/wp-content\/uploads\/2022\/06\/JubilatsBus.png 200w, https:\/\/www.busclassic.org\/wp-content\/uploads\/2022\/06\/JubilatsBus-150x150.png 150w\" sizes=\"auto, (max-width: 200px) 100vw, 200px\" \/><\/a><\/figure>\n<\/div>\n\n\n\n<div class=\"wp-block-column is-vertically-aligned-center is-layout-flow wp-block-column-is-layout-flow\">\n<figure class=\"wp-block-image aligncenter size-full\"><a href=\"https:\/\/www.acemabcn.org\" target=\"_blank\" rel=\"noopener\"><img loading=\"lazy\" decoding=\"async\" width=\"200\" height=\"200\" src=\"https:\/\/www.busclassic.org\/wp-content\/uploads\/2022\/06\/Acema.png\" alt=\"\" class=\"wp-image-3416\" srcset=\"https:\/\/www.busclassic.org\/wp-content\/uploads\/2022\/06\/Acema.png 200w, https:\/\/www.busclassic.org\/wp-content\/uploads\/2022\/06\/Acema-150x150.png 150w\" sizes=\"auto, (max-width: 200px) 100vw, 200px\" \/><\/a><\/figure>\n<\/div>\n<\/div>\n<\/div>","protected":false},"excerpt":{"rendered":"<p>Descobr\u00eds autobus istorics restauradi, visites guidades, talh\u00e8rs, j\u00f2cs interactius e activitats familhaus ena Avenguda Maria Cristina.<\/p>","protected":false},"author":1,"featured_media":0,"parent":0,"menu_order":0,"comment_status":"closed","ping_status":"closed","template":"page-templates\/page_front-page.php","meta":{"_exactmetrics_skip_tracking":false,"_exactmetrics_sitenote_active":false,"_exactmetrics_sitenote_note":"","_exactmetrics_sitenote_category":0,"footnotes":""},"class_list":["post-2638","page","type-page","status-publish","hentry"],"mb":[],"mfb_rest_fields":["title"],"_links":{"self":[{"href":"https:\/\/www.busclassic.org\/oc\/wp-json\/wp\/v2\/pages\/2638","targetHints":{"allow":["GET"]}}],"collection":[{"href":"https:\/\/www.busclassic.org\/oc\/wp-json\/wp\/v2\/pages"}],"about":[{"href":"https:\/\/www.busclassic.org\/oc\/wp-json\/wp\/v2\/types\/page"}],"author":[{"embeddable":true,"href":"https:\/\/www.busclassic.org\/oc\/wp-json\/wp\/v2\/users\/1"}],"replies":[{"embeddable":true,"href":"https:\/\/www.busclassic.org\/oc\/wp-json\/wp\/v2\/comments?post=2638"}],"version-history":[{"count":169,"href":"https:\/\/www.busclassic.org\/oc\/wp-json\/wp\/v2\/pages\/2638\/revisions"}],"predecessor-version":[{"id":5459,"href":"https:\/\/www.busclassic.org\/oc\/wp-json\/wp\/v2\/pages\/2638\/revisions\/5459"}],"wp:attachment":[{"href":"https:\/\/www.busclassic.org\/oc\/wp-json\/wp\/v2\/media?parent=2638"}],"curies":[{"name":"wp","href":"https:\/\/api.w.org\/{rel}","templated":true}]}}